{"id":128441,"date":"2023-09-27T12:41:21","date_gmt":"2023-09-27T10:41:21","guid":{"rendered":"https:\/\/jancray.de\/dealers\/"},"modified":"2023-12-07T15:28:04","modified_gmt":"2023-12-07T14:28:04","slug":"dealers","status":"publish","type":"page","link":"https:\/\/jancray.de\/en\/dealers\/","title":{"rendered":"Dealer"},"content":{"rendered":"\t\t<div data-elementor-type=\"wp-page\" data-elementor-id=\"128441\" class=\"elementor elementor-128441 elementor-15124\" data-elementor-post-type=\"page\">\n\t\t\t\t\t\t<section class=\"elementor-section elementor-top-section elementor-element elementor-element-5b70d6b4 elementor-section-full_width jc-breadcrumbs-top elementor-section-height-default elementor-section-height-default\" data-id=\"5b70d6b4\" data-element_type=\"section\">\n\t\t\t\t\t\t<div class=\"elementor-container elementor-column-gap-default\">\n\t\t\t\t\t<div class=\"elementor-column elementor-col-100 elementor-top-column elementor-element elementor-element-7cbd910c\" data-id=\"7cbd910c\" data-element_type=\"column\">\n\t\t\t<div class=\"elementor-widget-wrap elementor-element-populated\">\n\t\t\t\t\t\t<div class=\"elementor-element elementor-element-6a75e18 elementor-widget elementor-widget-breadcrumbs\" data-id=\"6a75e18\" data-element_type=\"widget\" data-widget_type=\"breadcrumbs.default\">\n\t\t\t\t<div class=\"elementor-widget-container\">\n\t\t\t\t\t<p id=\"breadcrumbs\"><span><span><a href=\"https:\/\/jancray.de\/en\/\">Home<\/a><\/span><\/span><\/p>\t\t\t\t<\/div>\n\t\t\t\t<\/div>\n\t\t\t\t<div class=\"elementor-element elementor-element-1f260028 elementor-widget elementor-widget-heading\" data-id=\"1f260028\" data-element_type=\"widget\" data-widget_type=\"heading.default\">\n\t\t\t\t<div class=\"elementor-widget-container\">\n\t\t\t\t\t<h1 class=\"elementor-heading-title elementor-size-default\">Find a dealer<\/h1>\t\t\t\t<\/div>\n\t\t\t\t<\/div>\n\t\t\t\t<div class=\"elementor-element elementor-element-32a7c16b elementor-widget-divider--view-line elementor-widget elementor-widget-divider\" data-id=\"32a7c16b\" data-element_type=\"widget\" data-widget_type=\"divider.default\">\n\t\t\t\t<div class=\"elementor-widget-container\">\n\t\t\t\t\t\t\t<div class=\"elementor-divider\">\n\t\t\t<span class=\"elementor-divider-separator\">\n\t\t\t\t\t\t<\/span>\n\t\t<\/div>\n\t\t\t\t\t\t<\/div>\n\t\t\t\t<\/div>\n\t\t\t\t<div class=\"elementor-element elementor-element-31cb8ba4 elementor-widget elementor-widget-text-editor\" data-id=\"31cb8ba4\" data-element_type=\"widget\" data-widget_type=\"text-editor.default\">\n\t\t\t\t<div class=\"elementor-widget-container\">\n\t\t\t\t\t\t\t\t\t<p>You want to see our furniture and kitchens live to get a real impression? We understand that well, because after all, the furniture you choose should inspire you for a lifetime. Our partners are equipped with our collection, surface samples and colour fans. They are true interior artists and furnishing experts who look forward to your visit. It is best to contact the dealer of your choice beforehand and make sure that the furniture you want is in the showroom.&nbsp;<\/p>\n<p><img decoding=\"async\" class=\"size-full wp-image-116172 alignleft\" src=\"https:\/\/jancray.de\/wp-content\/uploads\/2021\/11\/Haendlersymbol-M-1.svg\" alt=\"\" width=\"24\" height=\"25\">Dealers marked with &#8220;M&#8221; will advise you on all aspects of JAN CRAY furniture.<\/p>\n<p><img decoding=\"async\" class=\"size-full wp-image-116170 alignleft\" src=\"https:\/\/jancray.de\/wp-content\/uploads\/2021\/11\/Haendlersymbol-K-1.svg\" alt=\"\" width=\"24\" height=\"25\">Dealers marked with &#8220;K&#8221; can advise you on JAN CRAY kitchens.<\/p>\t\t\t\t\t\t\t\t<\/div>\n\t\t\t\t<\/div>\n\t\t\t\t\t<\/div>\n\t\t<\/div>\n\t\t\t\t\t<\/div>\n\t\t<\/section>\n\t\t\t\t<section class=\"elementor-section elementor-top-section elementor-element elementor-element-02c78f0 elementor-section-full_width elementor-section-height-default elementor-section-height-default\" data-id=\"02c78f0\" data-element_type=\"section\">\n\t\t\t\t\t\t<div class=\"elementor-container elementor-column-gap-default\">\n\t\t\t\t\t<div class=\"elementor-column elementor-col-100 elementor-top-column elementor-element elementor-element-a8132bf\" data-id=\"a8132bf\" data-element_type=\"column\">\n\t\t\t<div class=\"elementor-widget-wrap elementor-element-populated\">\n\t\t\t\t\t\t<div class=\"elementor-element elementor-element-2029639 elementor-widget elementor-widget-heading\" data-id=\"2029639\" data-element_type=\"widget\" data-widget_type=\"heading.default\">\n\t\t\t\t<div class=\"elementor-widget-container\">\n\t\t\t\t\t<h2 class=\"elementor-heading-title elementor-size-default\">Germany<\/h2>\t\t\t\t<\/div>\n\t\t\t\t<\/div>\n\t\t\t\t<div class=\"elementor-element elementor-element-3ad9b8e elementor-widget-divider--view-line elementor-widget elementor-widget-divider\" data-id=\"3ad9b8e\" data-element_type=\"widget\" data-widget_type=\"divider.default\">\n\t\t\t\t<div class=\"elementor-widget-container\">\n\t\t\t\t\t\t\t<div class=\"elementor-divider\">\n\t\t\t<span class=\"elementor-divider-separator\">\n\t\t\t\t\t\t<\/span>\n\t\t<\/div>\n\t\t\t\t\t\t<\/div>\n\t\t\t\t<\/div>\n\t\t\t\t<div class=\"elementor-element elementor-element-fac6071 elementor-widget elementor-widget-jc-reseller-widget\" data-id=\"fac6071\" data-element_type=\"widget\" data-widget_type=\"jc-reseller-widget.default\">\n\t\t\t\t<div class=\"elementor-widget-container\">\n\t\t\t\t\t<div class=\"reseller\"><h3 class=\"reseller-city\">Bremen<\/h3><div class=\"reseller-offer\"><div class=\"offer\">K<\/div><div class=\"offer\">M<\/div><\/div><div class=\"reseller-information\" data-who=\"POPO Bremen\" data-latitude=\"8.821211\"  data-longitude=\"53.07558\"  ><a href=\"https:\/\/www.popo.de\/\">POPO Bremen<\/a><p>Auf den H\u00e4fen 12-15<\/p><p>28203 Bremen<\/p><a href=\"mailto:info@popo.de\">info@popo.de<\/a><p>+49 421 79 29 50<\/p><\/div><\/div><div class=\"reseller\"><h3 class=\"reseller-city\">Hamburg<\/h3><div class=\"reseller-offer\"><div class=\"offer\">K<\/div><div class=\"offer\">M<\/div><\/div><div class=\"reseller-information\" data-who=\"Standort Hamburg\" data-latitude=\"\"  data-longitude=\"\"  ><a href=\"https:\/\/jancray.de\">Standort Hamburg<\/a><p>Coming Soon<\/p><p> Hamburg<\/p><a href=\"mailto:verkauf@jancray.de\">verkauf@jancray.de<\/a><p><\/p><\/div><\/div><div class=\"reseller\"><h3 class=\"reseller-city\">Hamburg<\/h3><div class=\"reseller-offer\"><div class=\"offer\">M<\/div><\/div><div class=\"reseller-information\" data-who=\"KONUS\" data-latitude=\"\"  data-longitude=\"\"  ><a href=\"https:\/\/www.konus-wohnen.de\/\">KONUS<\/a><p>Bahrenfelder Str. 59<\/p><p>22765 Hamburg<\/p><a href=\"mailto:info@konus-wohnen.de\">info@konus-wohnen.de<\/a><p>+49 40 39 29 80<\/p><\/div><\/div><div class=\"reseller\"><h3 class=\"reseller-city\">Hannover<\/h3><div class=\"reseller-offer\"><div class=\"offer\">M<\/div><\/div><div class=\"reseller-information\" data-who=\"smow Hannover\" data-latitude=\"\"  data-longitude=\"\"  ><a href=\"https:\/\/www.smow.de\/hannover\/\">smow Hannover<\/a><p>Am Klagesmarkt 43<\/p><p>30159 Hannover<\/p><a href=\"mailto:hannover@smow.de\">hannover@smow.de<\/a><p>+49 511 473 34 990<\/p><\/div><\/div><div class=\"reseller\"><h3 class=\"reseller-city\">Landsberg am Lech<\/h3><div class=\"reseller-offer\"><div class=\"offer\">K<\/div><div class=\"offer\">M<\/div><\/div><div class=\"reseller-information\" data-who=\"NENNMANN Objekt- und Wohneinrichtungen\" data-latitude=\"\"  data-longitude=\"\"  ><a href=\"https:\/\/www.maus-grau.com\/jan-cray\/\">NENNMANN Objekt- und Wohneinrichtungen<\/a><p>Hintere Salzgasse 10<\/p><p>86899 Landsberg am Lech<\/p><a href=\"mailto:\"><\/a><p>+49 8191 985 80 80<\/p><\/div><\/div><div class=\"reseller\"><h3 class=\"reseller-city\">M\u00fcnchen<\/h3><div class=\"reseller-offer\"><div class=\"offer\">M<\/div><\/div><div class=\"reseller-information\" data-who=\"Manuela Bross\" data-latitude=\"\"  data-longitude=\"\"  ><a href=\"https:\/\/www.manuelabross.de\/\">Manuela Bross<\/a><p>Lindwurmstra\u00dfe 199<\/p><p>80337 M\u00fcnchen<\/p><a href=\"mailto:info@manuelabross.de\">info@manuelabross.de<\/a><p>+49 89 904 29 88 01<\/p><\/div><\/div><div class=\"reseller\"><h3 class=\"reseller-city\">M\u00fcnchen<\/h3><div class=\"reseller-offer\"><div class=\"offer\">K<\/div><div class=\"offer\">M<\/div><\/div><div class=\"reseller-information\" data-who=\"smow M\u00fcnchen\" data-latitude=\"\"  data-longitude=\"\"  ><a href=\"https:\/\/www.smow.de\/muenchen\/\">smow M\u00fcnchen<\/a><p>Hohenzollernstra\u00dfe 70<\/p><p>80801 M\u00fcnchen<\/p><a href=\"mailto:muenchen@smow.de\">muenchen@smow.de<\/a><p>+49 89 66 66 31 45<\/p><\/div><\/div><div class=\"reseller\"><h3 class=\"reseller-city\">Neustadt\/Holstein<\/h3><div class=\"reseller-offer\"><div class=\"offer\">K<\/div><div class=\"offer\">M<\/div><\/div><div class=\"reseller-information\" data-who=\"St\u00fcckzahl 1\" data-latitude=\"\"  data-longitude=\"\"  ><a href=\"https:\/\/www.xn--stckzahl1-r9a.de\/\">St\u00fcckzahl 1<\/a><p>Werftstra\u00dfe 9<\/p><p>23730 Neustadt\/Holstein<\/p><a href=\"mailto:as@stueckzahl1.de\">as@stueckzahl1.de<\/a><p>+49 172 712 20 63<\/p><\/div><\/div><div class=\"reseller\"><h3 class=\"reseller-city\">Radbruch<\/h3><div class=\"reseller-offer\"><div class=\"offer\">K<\/div><div class=\"offer\">M<\/div><\/div><div class=\"reseller-information\" data-who=\"JAN CRAY M\u00f6bel &#038; K\u00fcchen\" data-latitude=\"\"  data-longitude=\"\"  ><a href=\"https:\/\/jancray.de\">JAN CRAY M\u00f6bel &#038; K\u00fcchen<\/a><p>Bei den Linden 16 <\/p><p>21449 Radbruch<\/p><a href=\"mailto:verkauf@jancray.de\">verkauf@jancray.de<\/a><p>+49 4178 898 96 0<\/p><\/div><\/div><div class=\"reseller\"><h3 class=\"reseller-city\">Stuttgart<\/h3><div class=\"reseller-offer\"><div class=\"offer\">M<\/div><\/div><div class=\"reseller-information\" data-who=\"PAPPE LA PAPP\" data-latitude=\"\"  data-longitude=\"\"  ><a href=\"http:\/\/www.pappelapapp.net\/\">PAPPE LA PAPP<\/a><p>Fritz-Elsas-Str. 46-48+50A<\/p><p>70174 Stuttgart<\/p><a href=\"mailto:info@pappelapapp.net\">info@pappelapapp.net<\/a><p>+49 71 12 22 01 28<\/p><\/div><\/div><div class=\"reseller\"><h3 class=\"reseller-city\">W\u00fcrzburg<\/h3><div class=\"reseller-offer\"><div class=\"offer\">M<\/div><\/div><div class=\"reseller-information\" data-who=\"b\u00fcroforum planen und einrichten GmbH\" data-latitude=\"\"  data-longitude=\"\"  ><a href=\"https:\/\/www.einrichten-design.de\/de\/\">b\u00fcroforum planen und einrichten GmbH<\/a><p>Edith-Stein-Str. 3<\/p><p>97084 W\u00fcrzburg<\/p><a href=\"mailto:info@einrichten-design.de\">info@einrichten-design.de<\/a><p>+49 931 80 99 22 10<\/p><\/div><\/div>\t\t\t\t<\/div>\n\t\t\t\t<\/div>\n\t\t\t\t<div class=\"elementor-element elementor-element-cb85b61 elementor-widget elementor-widget-heading\" data-id=\"cb85b61\" data-element_type=\"widget\" data-widget_type=\"heading.default\">\n\t\t\t\t<div class=\"elementor-widget-container\">\n\t\t\t\t\t<h2 class=\"elementor-heading-title elementor-size-default\">Switzerland<\/h2>\t\t\t\t<\/div>\n\t\t\t\t<\/div>\n\t\t\t\t<div class=\"elementor-element elementor-element-b4df0c9 elementor-widget-divider--view-line elementor-widget elementor-widget-divider\" data-id=\"b4df0c9\" data-element_type=\"widget\" data-widget_type=\"divider.default\">\n\t\t\t\t<div class=\"elementor-widget-container\">\n\t\t\t\t\t\t\t<div class=\"elementor-divider\">\n\t\t\t<span class=\"elementor-divider-separator\">\n\t\t\t\t\t\t<\/span>\n\t\t<\/div>\n\t\t\t\t\t\t<\/div>\n\t\t\t\t<\/div>\n\t\t\t\t<div class=\"elementor-element elementor-element-94b8c92 elementor-widget elementor-widget-jc-reseller-widget\" data-id=\"94b8c92\" data-element_type=\"widget\" data-widget_type=\"jc-reseller-widget.default\">\n\t\t\t\t<div class=\"elementor-widget-container\">\n\t\t\t\t\t<div class=\"reseller\"><h3 class=\"reseller-city\">Bern<\/h3><div class=\"reseller-offer\"><div class=\"offer\">M<\/div><\/div><div class=\"reseller-information\" data-who=\"Mooris.ch AG &#8211; Studio Bern\" data-latitude=\"\"  data-longitude=\"\"  ><a href=\"https:\/\/www.mooris.ch\/\">Mooris.ch AG &#8211; Studio Bern<\/a><p>Kleiner Muristalden 40<\/p><p>3006 Bern<\/p><a href=\"mailto:hello@mooris.ch\">hello@mooris.ch<\/a><p>+41 31 533 50 55<\/p><\/div><\/div><div class=\"reseller\"><h3 class=\"reseller-city\">Z\u00fcrich<\/h3><div class=\"reseller-offer\"><div class=\"offer\">M<\/div><\/div><div class=\"reseller-information\" data-who=\"Mooris.ch AG\" data-latitude=\"\"  data-longitude=\"\"  ><a href=\"https:\/\/www.mooris.ch\/\">Mooris.ch AG<\/a><p>Zurlindenstra\u00dfe 301<\/p><p>8003 Z\u00fcrich<\/p><a href=\"mailto:hello@mooris.ch\">hello@mooris.ch<\/a><p>+41 43 311 60 90<\/p><\/div><\/div>\t\t\t\t<\/div>\n\t\t\t\t<\/div>\n\t\t\t\t<div class=\"elementor-element elementor-element-6236ce0 elementor-widget elementor-widget-heading\" data-id=\"6236ce0\" data-element_type=\"widget\" data-widget_type=\"heading.default\">\n\t\t\t\t<div class=\"elementor-widget-container\">\n\t\t\t\t\t<h2 class=\"elementor-heading-title elementor-size-default\">Austria<\/h2>\t\t\t\t<\/div>\n\t\t\t\t<\/div>\n\t\t\t\t<div class=\"elementor-element elementor-element-c3f866c elementor-widget-divider--view-line elementor-widget elementor-widget-divider\" data-id=\"c3f866c\" data-element_type=\"widget\" data-widget_type=\"divider.default\">\n\t\t\t\t<div class=\"elementor-widget-container\">\n\t\t\t\t\t\t\t<div class=\"elementor-divider\">\n\t\t\t<span class=\"elementor-divider-separator\">\n\t\t\t\t\t\t<\/span>\n\t\t<\/div>\n\t\t\t\t\t\t<\/div>\n\t\t\t\t<\/div>\n\t\t\t\t<div class=\"elementor-element elementor-element-f938766 elementor-widget elementor-widget-jc-reseller-widget\" data-id=\"f938766\" data-element_type=\"widget\" data-widget_type=\"jc-reseller-widget.default\">\n\t\t\t\t<div class=\"elementor-widget-container\">\n\t\t\t\t\t<div class=\"reseller\"><h3 class=\"reseller-city\">Wien<\/h3><div class=\"reseller-offer\"><div class=\"offer\">M<\/div><\/div><div class=\"reseller-information\" data-who=\"DAS M\u00d6BEL\" data-latitude=\"\"  data-longitude=\"\"  ><a href=\"https:\/\/dasmoebel.at\/\">DAS M\u00d6BEL<\/a><p>Gumpendorferstra\u00dfe 11<\/p><p>1060 Wien<\/p><a href=\"mailto:an@dasmoebel.at\">an@dasmoebel.at<\/a><p><\/p><\/div><\/div>\t\t\t\t<\/div>\n\t\t\t\t<\/div>\n\t\t\t\t\t<\/div>\n\t\t<\/div>\n\t\t\t\t\t<\/div>\n\t\t<\/section>\n\t\t\t\t<section class=\"elementor-section elementor-top-section elementor-element elementor-element-74b8302a elementor-section-full_width elementor-section-height-default elementor-section-height-default\" data-id=\"74b8302a\" data-element_type=\"section\">\n\t\t\t\t\t\t<div class=\"elementor-container elementor-column-gap-default\">\n\t\t\t\t\t<div class=\"elementor-column elementor-col-100 elementor-top-column elementor-element elementor-element-73d6f35a\" data-id=\"73d6f35a\" data-element_type=\"column\">\n\t\t\t<div class=\"elementor-widget-wrap elementor-element-populated\">\n\t\t\t\t\t\t<section class=\"elementor-section elementor-inner-section elementor-element elementor-element-7f1af998 elementor-section-full_width elementor-section-height-default elementor-section-height-default\" data-id=\"7f1af998\" data-element_type=\"section\">\n\t\t\t\t\t\t<div class=\"elementor-container elementor-column-gap-default\">\n\t\t\t\t\t<div class=\"elementor-column elementor-col-100 elementor-inner-column elementor-element elementor-element-1e09d6a4\" data-id=\"1e09d6a4\" data-element_type=\"column\">\n\t\t\t<div class=\"elementor-widget-wrap elementor-element-populated\">\n\t\t\t\t\t\t<div class=\"elementor-element elementor-element-1ff6b9ef elementor-widget elementor-widget-text-editor\" data-id=\"1ff6b9ef\" data-element_type=\"widget\" data-widget_type=\"text-editor.default\">\n\t\t\t\t<div class=\"elementor-widget-container\">\n\t\t\t\t\t\t\t\t\t<p>You want to become a trader? You can find out what counts for us on our partner page.<\/p>\n\t\t\t\t\t\t\t\t<\/div>\n\t\t\t\t<\/div>\n\t\t\t\t<div class=\"elementor-element elementor-element-473fa975 elementor-align-center elementor-widget elementor-widget-button\" data-id=\"473fa975\" data-element_type=\"widget\" data-widget_type=\"button.default\">\n\t\t\t\t<div class=\"elementor-widget-container\">\n\t\t\t\t\t\t\t\t\t<div class=\"elementor-button-wrapper\">\n\t\t\t\t\t<a class=\"elementor-button elementor-button-link elementor-size-sm\" href=\"https:\/\/jancray.de\/en\/partner\/\">\n\t\t\t\t\t\t<span class=\"elementor-button-content-wrapper\">\n\t\t\t\t\t\t\t\t\t<span class=\"elementor-button-text\">To partner page<\/span>\n\t\t\t\t\t<\/span>\n\t\t\t\t\t<\/a>\n\t\t\t\t<\/div>\n\t\t\t\t\t\t\t\t<\/div>\n\t\t\t\t<\/div>\n\t\t\t\t\t<\/div>\n\t\t<\/div>\n\t\t\t\t\t<\/div>\n\t\t<\/section>\n\t\t\t\t\t<\/div>\n\t\t<\/div>\n\t\t\t\t\t<\/div>\n\t\t<\/section>\n\t\t\t\t<\/div>\n\t\t","protected":false},"excerpt":{"rendered":"<p>Find a dealer You want to see our furniture and kitchens live to get a real impression? We understand that well, because after all, the furniture you choose should inspire you for a lifetime. Our partners are equipped with our collection, surface samples and colour fans. They are true interior artists and furnishing experts who [&hellip;]<\/p>\n","protected":false},"author":2,"featured_media":0,"parent":0,"menu_order":0,"comment_status":"closed","ping_status":"closed","template":"","meta":{"_acf_changed":false,"footnotes":""},"class_list":["post-128441","page","type-page","status-publish","hentry"],"acf":[],"yoast_head":"<!-- This site is optimized with the Yoast SEO plugin v26.8 - https:\/\/yoast.com\/product\/yoast-seo-wordpress\/ -->\n<title>Dealer &#8212; JAN CRAY M\u00f6bel &amp; K\u00fcchen<\/title>\n<meta name=\"robots\" content=\"index, follow, max-snippet:-1, max-image-preview:large, max-video-preview:-1\" \/>\n<link rel=\"canonical\" href=\"https:\/\/jancray.de\/en\/dealers\/\" \/>\n<meta property=\"og:locale\" content=\"en_US\" \/>\n<meta property=\"og:type\" content=\"article\" \/>\n<meta property=\"og:title\" content=\"Dealer &#8212; JAN CRAY M\u00f6bel &amp; K\u00fcchen\" \/>\n<meta property=\"og:description\" content=\"Find a dealer You want to see our furniture and kitchens live to get a real impression? We understand that well, because after all, the furniture you choose should inspire you for a lifetime. Our partners are equipped with our collection, surface samples and colour fans. They are true interior artists and furnishing experts who [&hellip;]\" \/>\n<meta property=\"og:url\" content=\"https:\/\/jancray.de\/en\/dealers\/\" \/>\n<meta property=\"og:site_name\" content=\"JAN CRAY M\u00f6bel &amp; K\u00fcchen\" \/>\n<meta property=\"article:publisher\" content=\"https:\/\/www.facebook.com\/jancraymoebel\/\" \/>\n<meta property=\"article:modified_time\" content=\"2023-12-07T14:28:04+00:00\" \/>\n<meta property=\"og:image\" content=\"https:\/\/jancray.de\/wp-content\/uploads\/2021\/11\/Haendlersymbol-M-1.svg\" \/>\n<meta name=\"twitter:card\" content=\"summary_large_image\" \/>\n<meta name=\"twitter:label1\" content=\"Est. reading time\" \/>\n\t<meta name=\"twitter:data1\" content=\"1 minute\" \/>\n<script type=\"application\/ld+json\" class=\"yoast-schema-graph\">{\"@context\":\"https:\/\/schema.org\",\"@graph\":[{\"@type\":\"WebPage\",\"@id\":\"https:\/\/jancray.de\/en\/dealers\/\",\"url\":\"https:\/\/jancray.de\/en\/dealers\/\",\"name\":\"Dealer &#8212; JAN CRAY M\u00f6bel &amp; K\u00fcchen\",\"isPartOf\":{\"@id\":\"https:\/\/jancray.de\/en\/#website\"},\"primaryImageOfPage\":{\"@id\":\"https:\/\/jancray.de\/en\/dealers\/#primaryimage\"},\"image\":{\"@id\":\"https:\/\/jancray.de\/en\/dealers\/#primaryimage\"},\"thumbnailUrl\":\"https:\/\/jancray.de\/wp-content\/uploads\/2021\/11\/Haendlersymbol-M-1.svg\",\"datePublished\":\"2023-09-27T10:41:21+00:00\",\"dateModified\":\"2023-12-07T14:28:04+00:00\",\"breadcrumb\":{\"@id\":\"https:\/\/jancray.de\/en\/dealers\/#breadcrumb\"},\"inLanguage\":\"en-US\",\"potentialAction\":[{\"@type\":\"ReadAction\",\"target\":[\"https:\/\/jancray.de\/en\/dealers\/\"]}]},{\"@type\":\"ImageObject\",\"inLanguage\":\"en-US\",\"@id\":\"https:\/\/jancray.de\/en\/dealers\/#primaryimage\",\"url\":\"https:\/\/jancray.de\/wp-content\/uploads\/2021\/11\/Haendlersymbol-M-1.svg\",\"contentUrl\":\"https:\/\/jancray.de\/wp-content\/uploads\/2021\/11\/Haendlersymbol-M-1.svg\"},{\"@type\":\"BreadcrumbList\",\"@id\":\"https:\/\/jancray.de\/en\/dealers\/#breadcrumb\",\"itemListElement\":[{\"@type\":\"ListItem\",\"position\":1,\"name\":\"Home\",\"item\":\"https:\/\/jancray.de\/en\/\"},{\"@type\":\"ListItem\",\"position\":2,\"name\":\"Dealer\"}]},{\"@type\":\"WebSite\",\"@id\":\"https:\/\/jancray.de\/en\/#website\",\"url\":\"https:\/\/jancray.de\/en\/\",\"name\":\"JAN CRAY M\u00f6bel &amp; K\u00fcchen\",\"description\":\"M\u00f6bel und K\u00fcchen aus Hamburg\",\"publisher\":{\"@id\":\"https:\/\/jancray.de\/en\/#organization\"},\"potentialAction\":[{\"@type\":\"SearchAction\",\"target\":{\"@type\":\"EntryPoint\",\"urlTemplate\":\"https:\/\/jancray.de\/en\/?s={search_term_string}\"},\"query-input\":{\"@type\":\"PropertyValueSpecification\",\"valueRequired\":true,\"valueName\":\"search_term_string\"}}],\"inLanguage\":\"en-US\"},{\"@type\":\"Organization\",\"@id\":\"https:\/\/jancray.de\/en\/#organization\",\"name\":\"Jan Cray M\u00f6bel & K\u00fcchen\",\"url\":\"https:\/\/jancray.de\/en\/\",\"logo\":{\"@type\":\"ImageObject\",\"inLanguage\":\"en-US\",\"@id\":\"https:\/\/jancray.de\/en\/#\/schema\/logo\/image\/\",\"url\":\"https:\/\/jancray.de\/wp-content\/uploads\/2021\/04\/Jan-Cray-Logo.svg\",\"contentUrl\":\"https:\/\/jancray.de\/wp-content\/uploads\/2021\/04\/Jan-Cray-Logo.svg\",\"width\":100,\"height\":100,\"caption\":\"Jan Cray M\u00f6bel & K\u00fcchen\"},\"image\":{\"@id\":\"https:\/\/jancray.de\/en\/#\/schema\/logo\/image\/\"},\"sameAs\":[\"https:\/\/www.facebook.com\/jancraymoebel\/\",\"https:\/\/www.instagram.com\/jan_cray_moebel_kuechen\/\",\"https:\/\/www.youtube.com\/channel\/UC07FA0pwFOL-FiUU-apB1zw\"]}]}<\/script>\n<!-- \/ Yoast SEO plugin. -->","yoast_head_json":{"title":"Dealer &#8212; JAN CRAY M\u00f6bel &amp; K\u00fcchen","robots":{"index":"index","follow":"follow","max-snippet":"max-snippet:-1","max-image-preview":"max-image-preview:large","max-video-preview":"max-video-preview:-1"},"canonical":"https:\/\/jancray.de\/en\/dealers\/","og_locale":"en_US","og_type":"article","og_title":"Dealer &#8212; JAN CRAY M\u00f6bel &amp; K\u00fcchen","og_description":"Find a dealer You want to see our furniture and kitchens live to get a real impression? We understand that well, because after all, the furniture you choose should inspire you for a lifetime. Our partners are equipped with our collection, surface samples and colour fans. They are true interior artists and furnishing experts who [&hellip;]","og_url":"https:\/\/jancray.de\/en\/dealers\/","og_site_name":"JAN CRAY M\u00f6bel &amp; K\u00fcchen","article_publisher":"https:\/\/www.facebook.com\/jancraymoebel\/","article_modified_time":"2023-12-07T14:28:04+00:00","og_image":[{"url":"https:\/\/jancray.de\/wp-content\/uploads\/2021\/11\/Haendlersymbol-M-1.svg","type":"","width":"","height":""}],"twitter_card":"summary_large_image","twitter_misc":{"Est. reading time":"1 minute"},"schema":{"@context":"https:\/\/schema.org","@graph":[{"@type":"WebPage","@id":"https:\/\/jancray.de\/en\/dealers\/","url":"https:\/\/jancray.de\/en\/dealers\/","name":"Dealer &#8212; JAN CRAY M\u00f6bel &amp; K\u00fcchen","isPartOf":{"@id":"https:\/\/jancray.de\/en\/#website"},"primaryImageOfPage":{"@id":"https:\/\/jancray.de\/en\/dealers\/#primaryimage"},"image":{"@id":"https:\/\/jancray.de\/en\/dealers\/#primaryimage"},"thumbnailUrl":"https:\/\/jancray.de\/wp-content\/uploads\/2021\/11\/Haendlersymbol-M-1.svg","datePublished":"2023-09-27T10:41:21+00:00","dateModified":"2023-12-07T14:28:04+00:00","breadcrumb":{"@id":"https:\/\/jancray.de\/en\/dealers\/#breadcrumb"},"inLanguage":"en-US","potentialAction":[{"@type":"ReadAction","target":["https:\/\/jancray.de\/en\/dealers\/"]}]},{"@type":"ImageObject","inLanguage":"en-US","@id":"https:\/\/jancray.de\/en\/dealers\/#primaryimage","url":"https:\/\/jancray.de\/wp-content\/uploads\/2021\/11\/Haendlersymbol-M-1.svg","contentUrl":"https:\/\/jancray.de\/wp-content\/uploads\/2021\/11\/Haendlersymbol-M-1.svg"},{"@type":"BreadcrumbList","@id":"https:\/\/jancray.de\/en\/dealers\/#breadcrumb","itemListElement":[{"@type":"ListItem","position":1,"name":"Home","item":"https:\/\/jancray.de\/en\/"},{"@type":"ListItem","position":2,"name":"Dealer"}]},{"@type":"WebSite","@id":"https:\/\/jancray.de\/en\/#website","url":"https:\/\/jancray.de\/en\/","name":"JAN CRAY M\u00f6bel &amp; K\u00fcchen","description":"M\u00f6bel und K\u00fcchen aus Hamburg","publisher":{"@id":"https:\/\/jancray.de\/en\/#organization"},"potentialAction":[{"@type":"SearchAction","target":{"@type":"EntryPoint","urlTemplate":"https:\/\/jancray.de\/en\/?s={search_term_string}"},"query-input":{"@type":"PropertyValueSpecification","valueRequired":true,"valueName":"search_term_string"}}],"inLanguage":"en-US"},{"@type":"Organization","@id":"https:\/\/jancray.de\/en\/#organization","name":"Jan Cray M\u00f6bel & K\u00fcchen","url":"https:\/\/jancray.de\/en\/","logo":{"@type":"ImageObject","inLanguage":"en-US","@id":"https:\/\/jancray.de\/en\/#\/schema\/logo\/image\/","url":"https:\/\/jancray.de\/wp-content\/uploads\/2021\/04\/Jan-Cray-Logo.svg","contentUrl":"https:\/\/jancray.de\/wp-content\/uploads\/2021\/04\/Jan-Cray-Logo.svg","width":100,"height":100,"caption":"Jan Cray M\u00f6bel & K\u00fcchen"},"image":{"@id":"https:\/\/jancray.de\/en\/#\/schema\/logo\/image\/"},"sameAs":["https:\/\/www.facebook.com\/jancraymoebel\/","https:\/\/www.instagram.com\/jan_cray_moebel_kuechen\/","https:\/\/www.youtube.com\/channel\/UC07FA0pwFOL-FiUU-apB1zw"]}]}},"_links":{"self":[{"href":"https:\/\/jancray.de\/en\/wp-json\/wp\/v2\/pages\/128441","targetHints":{"allow":["GET"]}}],"collection":[{"href":"https:\/\/jancray.de\/en\/wp-json\/wp\/v2\/pages"}],"about":[{"href":"https:\/\/jancray.de\/en\/wp-json\/wp\/v2\/types\/page"}],"author":[{"embeddable":true,"href":"https:\/\/jancray.de\/en\/wp-json\/wp\/v2\/users\/2"}],"replies":[{"embeddable":true,"href":"https:\/\/jancray.de\/en\/wp-json\/wp\/v2\/comments?post=128441"}],"version-history":[{"count":0,"href":"https:\/\/jancray.de\/en\/wp-json\/wp\/v2\/pages\/128441\/revisions"}],"wp:attachment":[{"href":"https:\/\/jancray.de\/en\/wp-json\/wp\/v2\/media?parent=128441"}],"curies":[{"name":"wp","href":"https:\/\/api.w.org\/{rel}","templated":true}]}}