{"id":128568,"date":"2023-11-07T10:06:23","date_gmt":"2023-11-07T09:06:23","guid":{"rendered":"https:\/\/jancray.de\/up-to-any-challenge-modular-kitchen-made-of-wood\/"},"modified":"2023-12-13T11:30:49","modified_gmt":"2023-12-13T10:30:49","slug":"up-to-any-challenge-modular-kitchen-made-of-wood","status":"publish","type":"page","link":"https:\/\/jancray.de\/en\/kitchens\/werk-modular-kitchen\/up-to-any-challenge-modular-kitchen-made-of-wood\/","title":{"rendered":"Up to any challenge: modular kitchen made of wood"},"content":{"rendered":"\t\t<div data-elementor-type=\"wp-page\" data-elementor-id=\"128568\" class=\"elementor elementor-128568 elementor-115700\" data-elementor-post-type=\"page\">\n\t\t\t\t\t\t<section class=\"elementor-section elementor-top-section elementor-element elementor-element-24a91daa elementor-section-full_width jc-breadcrumbs-top elementor-section-height-min-height elementor-section-items-top elementor-section-height-default\" data-id=\"24a91daa\" data-element_type=\"section\" data-settings=\"{&quot;background_background&quot;:&quot;classic&quot;}\">\n\t\t\t\t\t\t<div class=\"elementor-container elementor-column-gap-default\">\n\t\t\t\t\t<div class=\"elementor-column elementor-col-100 elementor-top-column elementor-element elementor-element-3ec7aeac\" data-id=\"3ec7aeac\" data-element_type=\"column\">\n\t\t\t<div class=\"elementor-widget-wrap\">\n\t\t\t\t\t\t\t<\/div>\n\t\t<\/div>\n\t\t\t\t\t<\/div>\n\t\t<\/section>\n\t\t\t\t<section class=\"elementor-section elementor-top-section elementor-element elementor-element-1afd2419 elementor-section-full_width elementor-section-height-default elementor-section-height-default\" data-id=\"1afd2419\" data-element_type=\"section\">\n\t\t\t\t\t\t<div class=\"elementor-container elementor-column-gap-default\">\n\t\t\t\t\t<div class=\"elementor-column elementor-col-100 elementor-top-column elementor-element elementor-element-378b8037\" data-id=\"378b8037\" data-element_type=\"column\">\n\t\t\t<div class=\"elementor-widget-wrap elementor-element-populated\">\n\t\t\t\t\t\t<div class=\"elementor-element elementor-element-6a05f660 elementor-widget elementor-widget-breadcrumbs\" data-id=\"6a05f660\" data-element_type=\"widget\" data-widget_type=\"breadcrumbs.default\">\n\t\t\t\t<div class=\"elementor-widget-container\">\n\t\t\t\t\t<p id=\"breadcrumbs\"><span><span><a href=\"https:\/\/jancray.de\/en\/\">Home<\/a><\/span><\/span><\/p>\t\t\t\t<\/div>\n\t\t\t\t<\/div>\n\t\t\t\t<div class=\"elementor-element elementor-element-6ee8a225 elementor-widget elementor-widget-heading\" data-id=\"6ee8a225\" data-element_type=\"widget\" data-widget_type=\"heading.default\">\n\t\t\t\t<div class=\"elementor-widget-container\">\n\t\t\t\t\t<h1 class=\"elementor-heading-title elementor-size-default\">Up to any challenge: modular kitchen made of wood<\/h1>\t\t\t\t<\/div>\n\t\t\t\t<\/div>\n\t\t\t\t<div class=\"elementor-element elementor-element-25bd8e0b elementor-widget-divider--view-line elementor-widget elementor-widget-divider\" data-id=\"25bd8e0b\" data-element_type=\"widget\" data-widget_type=\"divider.default\">\n\t\t\t\t<div class=\"elementor-widget-container\">\n\t\t\t\t\t\t\t<div class=\"elementor-divider\">\n\t\t\t<span class=\"elementor-divider-separator\">\n\t\t\t\t\t\t<\/span>\n\t\t<\/div>\n\t\t\t\t\t\t<\/div>\n\t\t\t\t<\/div>\n\t\t\t\t<div class=\"elementor-element elementor-element-70819546 elementor-widget elementor-widget-text-editor\" data-id=\"70819546\" data-element_type=\"widget\" data-widget_type=\"text-editor.default\">\n\t\t\t\t<div class=\"elementor-widget-container\">\n\t\t\t\t\t\t\t\t\t<p>Wood brings nature into your home. The lively\u00a0material gives rooms a lot of naturalness and a healthy\u00a0climate. The modular kitchen in wood turns your living space\u00a0into a feel-good place where you can enjoy spending time\u00a0with family and friends. If this sounds almost too harmonious, you will be delighted by the contrasting design: the natural raw material wood meets the functional steel frame, creating an exciting mix of materials. \u00a0\u00a0\u00a0<\/p><p>Want to find out more details about the modular kitchen made of wood? Take a look at the <a href=\"https:\/\/jancray.de\/en\/kitchens\/werk-modular-kitchen\/\">WERK modular kitchen.<\/a><\/p>\t\t\t\t\t\t\t\t<\/div>\n\t\t\t\t<\/div>\n\t\t\t\t\t<\/div>\n\t\t<\/div>\n\t\t\t\t\t<\/div>\n\t\t<\/section>\n\t\t\t\t<section class=\"elementor-section elementor-top-section elementor-element elementor-element-1f583cd7 elementor-section-full_width elementor-section-height-default elementor-section-height-default\" data-id=\"1f583cd7\" data-element_type=\"section\">\n\t\t\t\t\t\t<div class=\"elementor-container elementor-column-gap-default\">\n\t\t\t\t\t<div class=\"elementor-column elementor-col-100 elementor-top-column elementor-element elementor-element-776f1b3\" data-id=\"776f1b3\" data-element_type=\"column\">\n\t\t\t<div class=\"elementor-widget-wrap elementor-element-populated\">\n\t\t\t\t\t\t<div class=\"elementor-element elementor-element-27fdddf elementor-widget elementor-widget-heading\" data-id=\"27fdddf\" data-element_type=\"widget\" data-widget_type=\"heading.default\">\n\t\t\t\t<div class=\"elementor-widget-container\">\n\t\t\t\t\t<h3 class=\"elementor-heading-title elementor-size-default\">Grows with its requirements - that's what wood offers:<\/h3>\t\t\t\t<\/div>\n\t\t\t\t<\/div>\n\t\t\t\t<div class=\"elementor-element elementor-element-66929e36 elementor-widget elementor-widget-text-editor\" data-id=\"66929e36\" data-element_type=\"widget\" data-widget_type=\"text-editor.default\">\n\t\t\t\t<div class=\"elementor-widget-container\">\n\t\t\t\t\t\t\t\t\t<p>1. Solid: wooden fronts made of solid oak or solid ash are high-quality and <span style=\"color: var( --e-global-color-primary ); font-family: var( --e-global-typography-926c157-font-family ), Sans-serif; letter-spacing: var( --e-global-typography-926c157-letter-spacing );\">particularly durable<\/span><\/p>\n<p>2. Water-resistant: due to sealing with oil<\/p>\n<p>3. Sustainable: domestic woods are renewable and fully <span style=\"color: var( --e-global-color-primary ); font-family: var( --e-global-typography-926c157-font-family ), Sans-serif; letter-spacing: var( --e-global-typography-926c157-letter-spacing );\">recyclable<\/span><\/p>\n<p>4. Wood works, you work with it: After many years of use, <span style=\"color: var( --e-global-color-primary ); font-family: var( --e-global-typography-926c157-font-family ), Sans-serif; letter-spacing: var( --e-global-typography-926c157-letter-spacing );\">you can make your kitchen look like new <\/span> <span style=\"color: var( --e-global-color-primary ); font-family: var( --e-global-typography-926c157-font-family ), Sans-serif; letter-spacing: var( --e-global-typography-926c157-letter-spacing );\">by oiling it. Instructions can be found in the <\/span><a href=\"https:\/\/jancray.de\/en\/care-instructions-kitchen\/\"><span style=\"color: var( --e-global-color-primary ); font-family: var( --e-global-typography-926c157-font-family ), Sans-serif; letter-spacing: var( --e-global-typography-926c157-letter-spacing );\">care instructions<\/span><\/a><\/p>\n\t\t\t\t\t\t\t\t<\/div>\n\t\t\t\t<\/div>\n\t\t\t\t\t<\/div>\n\t\t<\/div>\n\t\t\t\t\t<\/div>\n\t\t<\/section>\n\t\t\t\t<section class=\"elementor-section elementor-top-section elementor-element elementor-element-90a183f elementor-section-full_width elementor-section-height-default elementor-section-height-default\" data-id=\"90a183f\" data-element_type=\"section\">\n\t\t\t\t\t\t<div class=\"elementor-container elementor-column-gap-default\">\n\t\t\t\t\t<div class=\"elementor-column elementor-col-100 elementor-top-column elementor-element elementor-element-3b31150\" data-id=\"3b31150\" data-element_type=\"column\">\n\t\t\t<div class=\"elementor-widget-wrap elementor-element-populated\">\n\t\t\t\t\t\t<div class=\"elementor-element elementor-element-c21ca3d elementor-widget elementor-widget-heading\" data-id=\"c21ca3d\" data-element_type=\"widget\" data-widget_type=\"heading.default\">\n\t\t\t\t<div class=\"elementor-widget-container\">\n\t\t\t\t\t<h2 class=\"elementor-heading-title elementor-size-default\">Various projects<\/h2>\t\t\t\t<\/div>\n\t\t\t\t<\/div>\n\t\t\t\t<div class=\"elementor-element elementor-element-0f7bb80 elementor-widget elementor-widget-elementor-slider-addon\" data-id=\"0f7bb80\" data-element_type=\"widget\" data-settings=\"{&quot;read_more_symbol&quot;:{&quot;value&quot;:&quot;jancrayicon-v6- jancray-icon-v6-Read-More&quot;,&quot;library&quot;:&quot;jancray-icons-v6&quot;},&quot;item_ratio&quot;:{&quot;unit&quot;:&quot;px&quot;,&quot;size&quot;:1.2,&quot;sizes&quot;:[]},&quot;hide-left&quot;:&quot;yes&quot;,&quot;number-slides&quot;:&quot;3&quot;,&quot;number-slides_tablet&quot;:&quot;2&quot;,&quot;number-slides_mobile&quot;:&quot;1&quot;,&quot;siema_duration&quot;:{&quot;unit&quot;:&quot;px&quot;,&quot;size&quot;:&quot;200&quot;,&quot;sizes&quot;:[]},&quot;siema_easing&quot;:&quot;ease&quot;,&quot;siema_startIndex&quot;:&quot;1&quot;,&quot;siema_draggable&quot;:&quot;yes&quot;,&quot;siema_multipleDrag&quot;:&quot;yes&quot;,&quot;siema_threshold&quot;:{&quot;unit&quot;:&quot;px&quot;,&quot;size&quot;:&quot;20&quot;,&quot;sizes&quot;:[]},&quot;item_ratio_tablet&quot;:{&quot;unit&quot;:&quot;px&quot;,&quot;size&quot;:&quot;&quot;,&quot;sizes&quot;:[]},&quot;item_ratio_mobile&quot;:{&quot;unit&quot;:&quot;px&quot;,&quot;size&quot;:&quot;&quot;,&quot;sizes&quot;:[]}}\" data-widget_type=\"elementor-slider-addon.default\">\n\t\t\t\t<div class=\"elementor-widget-container\">\n\t\t\t\t\t        <div class=\"elementor-slider-addon elementor-grid elementor-posts-container siema\" style=\"overflow:hidden\">\r\n                <\/div>\r\n    \t\t\t\t<\/div>\n\t\t\t\t<\/div>\n\t\t\t\t\t<\/div>\n\t\t<\/div>\n\t\t\t\t\t<\/div>\n\t\t<\/section>\n\t\t\t\t<section class=\"elementor-section elementor-top-section elementor-element elementor-element-217668a1 elementor-section-full_width elementor-section-height-default elementor-section-height-default\" data-id=\"217668a1\" data-element_type=\"section\">\n\t\t\t\t\t\t<div class=\"elementor-container elementor-column-gap-default\">\n\t\t\t\t\t<div class=\"elementor-column elementor-col-100 elementor-top-column elementor-element elementor-element-3ae67473\" data-id=\"3ae67473\" data-element_type=\"column\">\n\t\t\t<div class=\"elementor-widget-wrap elementor-element-populated\">\n\t\t\t\t\t\t<section class=\"elementor-section elementor-inner-section elementor-element elementor-element-542e42cb elementor-section-full_width elementor-section-height-default elementor-section-height-default\" data-id=\"542e42cb\" data-element_type=\"section\">\n\t\t\t\t\t\t<div class=\"elementor-container elementor-column-gap-default\">\n\t\t\t\t\t<div class=\"elementor-column elementor-col-100 elementor-inner-column elementor-element elementor-element-1fd8d847\" data-id=\"1fd8d847\" data-element_type=\"column\">\n\t\t\t<div class=\"elementor-widget-wrap elementor-element-populated\">\n\t\t\t\t\t\t<div class=\"elementor-element elementor-element-63674c88 elementor-widget elementor-widget-text-editor\" data-id=\"63674c88\" data-element_type=\"widget\" data-widget_type=\"text-editor.default\">\n\t\t\t\t<div class=\"elementor-widget-container\">\n\t\t\t\t\t\t\t\t\t<p>Already got your dream kitchen in mind? Let it become reality!<\/p>\n\t\t\t\t\t\t\t\t<\/div>\n\t\t\t\t<\/div>\n\t\t\t\t<div class=\"elementor-element elementor-element-17cc6fb7 elementor-align-center elementor-widget elementor-widget-button\" data-id=\"17cc6fb7\" data-element_type=\"widget\" data-widget_type=\"button.default\">\n\t\t\t\t<div class=\"elementor-widget-container\">\n\t\t\t\t\t\t\t\t\t<div class=\"elementor-button-wrapper\">\n\t\t\t\t\t<a class=\"elementor-button elementor-button-link elementor-size-sm\" href=\"https:\/\/konfigurator.jancray.de\/en\/design\/surface\" target=\"_blank\">\n\t\t\t\t\t\t<span class=\"elementor-button-content-wrapper\">\n\t\t\t\t\t\t\t\t\t<span class=\"elementor-button-text\">To configurator<\/span>\n\t\t\t\t\t<\/span>\n\t\t\t\t\t<\/a>\n\t\t\t\t<\/div>\n\t\t\t\t\t\t\t\t<\/div>\n\t\t\t\t<\/div>\n\t\t\t\t\t<\/div>\n\t\t<\/div>\n\t\t\t\t\t<\/div>\n\t\t<\/section>\n\t\t\t\t\t<\/div>\n\t\t<\/div>\n\t\t\t\t\t<\/div>\n\t\t<\/section>\n\t\t\t\t<\/div>\n\t\t","protected":false},"excerpt":{"rendered":"<p>Wood brings nature into your home. The lively material gives rooms a lot of naturalness and a healthy indoor climate. The modular kitchen in wood turns your living space into a feel-good place where you can enjoy spending time with family and friends.  <\/p>\n","protected":false},"author":1,"featured_media":118824,"parent":138436,"menu_order":0,"comment_status":"closed","ping_status":"closed","template":"","meta":{"_acf_changed":false,"footnotes":""},"class_list":["post-128568","page","type-page","status-publish","has-post-thumbnail","hentry"],"acf":[],"yoast_head":"<!-- This site is optimized with the Yoast SEO plugin v26.8 - https:\/\/yoast.com\/product\/yoast-seo-wordpress\/ -->\n<title>Up to any challenge: modular kitchen made of wood &#8212; JAN CRAY M\u00f6bel &amp; K\u00fcchen<\/title>\n<meta name=\"description\" content=\"With the modular kitchen made of wood, you can bring nature into your home and turn your living space into a feel-good place.\" \/>\n<meta name=\"robots\" content=\"index, follow, max-snippet:-1, max-image-preview:large, max-video-preview:-1\" \/>\n<link rel=\"canonical\" href=\"https:\/\/jancray.de\/en\/kitchens\/werk-modular-kitchen\/up-to-any-challenge-modular-kitchen-made-of-wood\/\" \/>\n<meta property=\"og:locale\" content=\"en_US\" \/>\n<meta property=\"og:type\" content=\"article\" \/>\n<meta property=\"og:title\" content=\"Up to any challenge: modular kitchen made of wood &#8212; JAN CRAY M\u00f6bel &amp; K\u00fcchen\" \/>\n<meta property=\"og:description\" content=\"With the modular kitchen made of wood, you can bring nature into your home and turn your living space into a feel-good place.\" \/>\n<meta property=\"og:url\" content=\"https:\/\/jancray.de\/en\/kitchens\/werk-modular-kitchen\/up-to-any-challenge-modular-kitchen-made-of-wood\/\" \/>\n<meta property=\"og:site_name\" content=\"JAN CRAY M\u00f6bel &amp; K\u00fcchen\" \/>\n<meta property=\"article:publisher\" content=\"https:\/\/www.facebook.com\/jancraymoebel\/\" \/>\n<meta property=\"article:modified_time\" content=\"2023-12-13T10:30:49+00:00\" \/>\n<meta property=\"og:image\" content=\"https:\/\/jancray.de\/wp-content\/uploads\/2022\/01\/Jan-Cray-Showroom-Hamburg-Wandmodul-Kuechenboard.jpg\" \/>\n\t<meta property=\"og:image:width\" content=\"4128\" \/>\n\t<meta property=\"og:image:height\" content=\"2752\" \/>\n\t<meta property=\"og:image:type\" content=\"image\/jpeg\" \/>\n<meta name=\"twitter:card\" content=\"summary_large_image\" \/>\n<meta name=\"twitter:label1\" content=\"Est. reading time\" \/>\n\t<meta name=\"twitter:data1\" content=\"1 minute\" \/>\n<script type=\"application\/ld+json\" class=\"yoast-schema-graph\">{\"@context\":\"https:\/\/schema.org\",\"@graph\":[{\"@type\":\"WebPage\",\"@id\":\"https:\/\/jancray.de\/en\/kitchens\/werk-modular-kitchen\/up-to-any-challenge-modular-kitchen-made-of-wood\/\",\"url\":\"https:\/\/jancray.de\/en\/kitchens\/werk-modular-kitchen\/up-to-any-challenge-modular-kitchen-made-of-wood\/\",\"name\":\"Up to any challenge: modular kitchen made of wood &#8212; JAN CRAY M\u00f6bel &amp; K\u00fcchen\",\"isPartOf\":{\"@id\":\"https:\/\/jancray.de\/en\/#website\"},\"primaryImageOfPage\":{\"@id\":\"https:\/\/jancray.de\/en\/kitchens\/werk-modular-kitchen\/up-to-any-challenge-modular-kitchen-made-of-wood\/#primaryimage\"},\"image\":{\"@id\":\"https:\/\/jancray.de\/en\/kitchens\/werk-modular-kitchen\/up-to-any-challenge-modular-kitchen-made-of-wood\/#primaryimage\"},\"thumbnailUrl\":\"https:\/\/jancray.de\/wp-content\/uploads\/2022\/01\/Jan-Cray-Showroom-Hamburg-Wandmodul-Kuechenboard.jpg\",\"datePublished\":\"2023-11-07T09:06:23+00:00\",\"dateModified\":\"2023-12-13T10:30:49+00:00\",\"description\":\"With the modular kitchen made of wood, you can bring nature into your home and turn your living space into a feel-good place.\",\"breadcrumb\":{\"@id\":\"https:\/\/jancray.de\/en\/kitchens\/werk-modular-kitchen\/up-to-any-challenge-modular-kitchen-made-of-wood\/#breadcrumb\"},\"inLanguage\":\"en-US\",\"potentialAction\":[{\"@type\":\"ReadAction\",\"target\":[\"https:\/\/jancray.de\/en\/kitchens\/werk-modular-kitchen\/up-to-any-challenge-modular-kitchen-made-of-wood\/\"]}]},{\"@type\":\"ImageObject\",\"inLanguage\":\"en-US\",\"@id\":\"https:\/\/jancray.de\/en\/kitchens\/werk-modular-kitchen\/up-to-any-challenge-modular-kitchen-made-of-wood\/#primaryimage\",\"url\":\"https:\/\/jancray.de\/wp-content\/uploads\/2022\/01\/Jan-Cray-Showroom-Hamburg-Wandmodul-Kuechenboard.jpg\",\"contentUrl\":\"https:\/\/jancray.de\/wp-content\/uploads\/2022\/01\/Jan-Cray-Showroom-Hamburg-Wandmodul-Kuechenboard.jpg\",\"width\":4128,\"height\":2752,\"caption\":\"Umgebauter \u00dcberseecontainer mit Industriecharakter: Innenansicht des Jan Cray Showrooms in Hamburg mit einem WERK Wandmodul mit Eichenfronten und dem TUUL K\u00fcchenboard. Im Hintergrund steht ein WERK Hochmodul mit Linoleumfronten.\"},{\"@type\":\"BreadcrumbList\",\"@id\":\"https:\/\/jancray.de\/en\/kitchens\/werk-modular-kitchen\/up-to-any-challenge-modular-kitchen-made-of-wood\/#breadcrumb\",\"itemListElement\":[{\"@type\":\"ListItem\",\"position\":1,\"name\":\"Home\",\"item\":\"https:\/\/jancray.de\/en\/\"},{\"@type\":\"ListItem\",\"position\":2,\"name\":\"Kitchens\",\"item\":\"https:\/\/jancray.de\/en\/kollektion-kuechen\/\"},{\"@type\":\"ListItem\",\"position\":3,\"name\":\"WERK modular kitchen\",\"item\":\"https:\/\/jancray.de\/en\/kitchens\/werk-modular-kitchen\/\"},{\"@type\":\"ListItem\",\"position\":4,\"name\":\"Up to any challenge: modular kitchen made of wood\"}]},{\"@type\":\"WebSite\",\"@id\":\"https:\/\/jancray.de\/en\/#website\",\"url\":\"https:\/\/jancray.de\/en\/\",\"name\":\"JAN CRAY M\u00f6bel &amp; K\u00fcchen\",\"description\":\"M\u00f6bel und K\u00fcchen aus Hamburg\",\"publisher\":{\"@id\":\"https:\/\/jancray.de\/en\/#organization\"},\"potentialAction\":[{\"@type\":\"SearchAction\",\"target\":{\"@type\":\"EntryPoint\",\"urlTemplate\":\"https:\/\/jancray.de\/en\/?s={search_term_string}\"},\"query-input\":{\"@type\":\"PropertyValueSpecification\",\"valueRequired\":true,\"valueName\":\"search_term_string\"}}],\"inLanguage\":\"en-US\"},{\"@type\":\"Organization\",\"@id\":\"https:\/\/jancray.de\/en\/#organization\",\"name\":\"Jan Cray M\u00f6bel & K\u00fcchen\",\"url\":\"https:\/\/jancray.de\/en\/\",\"logo\":{\"@type\":\"ImageObject\",\"inLanguage\":\"en-US\",\"@id\":\"https:\/\/jancray.de\/en\/#\/schema\/logo\/image\/\",\"url\":\"https:\/\/jancray.de\/wp-content\/uploads\/2021\/04\/Jan-Cray-Logo.svg\",\"contentUrl\":\"https:\/\/jancray.de\/wp-content\/uploads\/2021\/04\/Jan-Cray-Logo.svg\",\"width\":100,\"height\":100,\"caption\":\"Jan Cray M\u00f6bel & K\u00fcchen\"},\"image\":{\"@id\":\"https:\/\/jancray.de\/en\/#\/schema\/logo\/image\/\"},\"sameAs\":[\"https:\/\/www.facebook.com\/jancraymoebel\/\",\"https:\/\/www.instagram.com\/jan_cray_moebel_kuechen\/\",\"https:\/\/www.youtube.com\/channel\/UC07FA0pwFOL-FiUU-apB1zw\"]}]}<\/script>\n<!-- \/ Yoast SEO plugin. -->","yoast_head_json":{"title":"Up to any challenge: modular kitchen made of wood &#8212; JAN CRAY M\u00f6bel &amp; K\u00fcchen","description":"With the modular kitchen made of wood, you can bring nature into your home and turn your living space into a feel-good place.","robots":{"index":"index","follow":"follow","max-snippet":"max-snippet:-1","max-image-preview":"max-image-preview:large","max-video-preview":"max-video-preview:-1"},"canonical":"https:\/\/jancray.de\/en\/kitchens\/werk-modular-kitchen\/up-to-any-challenge-modular-kitchen-made-of-wood\/","og_locale":"en_US","og_type":"article","og_title":"Up to any challenge: modular kitchen made of wood &#8212; JAN CRAY M\u00f6bel &amp; K\u00fcchen","og_description":"With the modular kitchen made of wood, you can bring nature into your home and turn your living space into a feel-good place.","og_url":"https:\/\/jancray.de\/en\/kitchens\/werk-modular-kitchen\/up-to-any-challenge-modular-kitchen-made-of-wood\/","og_site_name":"JAN CRAY M\u00f6bel &amp; K\u00fcchen","article_publisher":"https:\/\/www.facebook.com\/jancraymoebel\/","article_modified_time":"2023-12-13T10:30:49+00:00","og_image":[{"width":4128,"height":2752,"url":"https:\/\/jancray.de\/wp-content\/uploads\/2022\/01\/Jan-Cray-Showroom-Hamburg-Wandmodul-Kuechenboard.jpg","type":"image\/jpeg"}],"twitter_card":"summary_large_image","twitter_misc":{"Est. reading time":"1 minute"},"schema":{"@context":"https:\/\/schema.org","@graph":[{"@type":"WebPage","@id":"https:\/\/jancray.de\/en\/kitchens\/werk-modular-kitchen\/up-to-any-challenge-modular-kitchen-made-of-wood\/","url":"https:\/\/jancray.de\/en\/kitchens\/werk-modular-kitchen\/up-to-any-challenge-modular-kitchen-made-of-wood\/","name":"Up to any challenge: modular kitchen made of wood &#8212; JAN CRAY M\u00f6bel &amp; K\u00fcchen","isPartOf":{"@id":"https:\/\/jancray.de\/en\/#website"},"primaryImageOfPage":{"@id":"https:\/\/jancray.de\/en\/kitchens\/werk-modular-kitchen\/up-to-any-challenge-modular-kitchen-made-of-wood\/#primaryimage"},"image":{"@id":"https:\/\/jancray.de\/en\/kitchens\/werk-modular-kitchen\/up-to-any-challenge-modular-kitchen-made-of-wood\/#primaryimage"},"thumbnailUrl":"https:\/\/jancray.de\/wp-content\/uploads\/2022\/01\/Jan-Cray-Showroom-Hamburg-Wandmodul-Kuechenboard.jpg","datePublished":"2023-11-07T09:06:23+00:00","dateModified":"2023-12-13T10:30:49+00:00","description":"With the modular kitchen made of wood, you can bring nature into your home and turn your living space into a feel-good place.","breadcrumb":{"@id":"https:\/\/jancray.de\/en\/kitchens\/werk-modular-kitchen\/up-to-any-challenge-modular-kitchen-made-of-wood\/#breadcrumb"},"inLanguage":"en-US","potentialAction":[{"@type":"ReadAction","target":["https:\/\/jancray.de\/en\/kitchens\/werk-modular-kitchen\/up-to-any-challenge-modular-kitchen-made-of-wood\/"]}]},{"@type":"ImageObject","inLanguage":"en-US","@id":"https:\/\/jancray.de\/en\/kitchens\/werk-modular-kitchen\/up-to-any-challenge-modular-kitchen-made-of-wood\/#primaryimage","url":"https:\/\/jancray.de\/wp-content\/uploads\/2022\/01\/Jan-Cray-Showroom-Hamburg-Wandmodul-Kuechenboard.jpg","contentUrl":"https:\/\/jancray.de\/wp-content\/uploads\/2022\/01\/Jan-Cray-Showroom-Hamburg-Wandmodul-Kuechenboard.jpg","width":4128,"height":2752,"caption":"Umgebauter \u00dcberseecontainer mit Industriecharakter: Innenansicht des Jan Cray Showrooms in Hamburg mit einem WERK Wandmodul mit Eichenfronten und dem TUUL K\u00fcchenboard. Im Hintergrund steht ein WERK Hochmodul mit Linoleumfronten."},{"@type":"BreadcrumbList","@id":"https:\/\/jancray.de\/en\/kitchens\/werk-modular-kitchen\/up-to-any-challenge-modular-kitchen-made-of-wood\/#breadcrumb","itemListElement":[{"@type":"ListItem","position":1,"name":"Home","item":"https:\/\/jancray.de\/en\/"},{"@type":"ListItem","position":2,"name":"Kitchens","item":"https:\/\/jancray.de\/en\/kollektion-kuechen\/"},{"@type":"ListItem","position":3,"name":"WERK modular kitchen","item":"https:\/\/jancray.de\/en\/kitchens\/werk-modular-kitchen\/"},{"@type":"ListItem","position":4,"name":"Up to any challenge: modular kitchen made of wood"}]},{"@type":"WebSite","@id":"https:\/\/jancray.de\/en\/#website","url":"https:\/\/jancray.de\/en\/","name":"JAN CRAY M\u00f6bel &amp; K\u00fcchen","description":"M\u00f6bel und K\u00fcchen aus Hamburg","publisher":{"@id":"https:\/\/jancray.de\/en\/#organization"},"potentialAction":[{"@type":"SearchAction","target":{"@type":"EntryPoint","urlTemplate":"https:\/\/jancray.de\/en\/?s={search_term_string}"},"query-input":{"@type":"PropertyValueSpecification","valueRequired":true,"valueName":"search_term_string"}}],"inLanguage":"en-US"},{"@type":"Organization","@id":"https:\/\/jancray.de\/en\/#organization","name":"Jan Cray M\u00f6bel & K\u00fcchen","url":"https:\/\/jancray.de\/en\/","logo":{"@type":"ImageObject","inLanguage":"en-US","@id":"https:\/\/jancray.de\/en\/#\/schema\/logo\/image\/","url":"https:\/\/jancray.de\/wp-content\/uploads\/2021\/04\/Jan-Cray-Logo.svg","contentUrl":"https:\/\/jancray.de\/wp-content\/uploads\/2021\/04\/Jan-Cray-Logo.svg","width":100,"height":100,"caption":"Jan Cray M\u00f6bel & K\u00fcchen"},"image":{"@id":"https:\/\/jancray.de\/en\/#\/schema\/logo\/image\/"},"sameAs":["https:\/\/www.facebook.com\/jancraymoebel\/","https:\/\/www.instagram.com\/jan_cray_moebel_kuechen\/","https:\/\/www.youtube.com\/channel\/UC07FA0pwFOL-FiUU-apB1zw"]}]}},"_links":{"self":[{"href":"https:\/\/jancray.de\/en\/wp-json\/wp\/v2\/pages\/128568","targetHints":{"allow":["GET"]}}],"collection":[{"href":"https:\/\/jancray.de\/en\/wp-json\/wp\/v2\/pages"}],"about":[{"href":"https:\/\/jancray.de\/en\/wp-json\/wp\/v2\/types\/page"}],"author":[{"embeddable":true,"href":"https:\/\/jancray.de\/en\/wp-json\/wp\/v2\/users\/1"}],"replies":[{"embeddable":true,"href":"https:\/\/jancray.de\/en\/wp-json\/wp\/v2\/comments?post=128568"}],"version-history":[{"count":0,"href":"https:\/\/jancray.de\/en\/wp-json\/wp\/v2\/pages\/128568\/revisions"}],"up":[{"embeddable":true,"href":"https:\/\/jancray.de\/en\/wp-json\/wp\/v2\/pages\/138436"}],"wp:featuredmedia":[{"embeddable":true,"href":"https:\/\/jancray.de\/en\/wp-json\/wp\/v2\/media\/118824"}],"wp:attachment":[{"href":"https:\/\/jancray.de\/en\/wp-json\/wp\/v2\/media?parent=128568"}],"curies":[{"name":"wp","href":"https:\/\/api.w.org\/{rel}","templated":true}]}}