{"id":128963,"date":"2023-12-01T15:17:01","date_gmt":"2023-12-01T14:17:01","guid":{"rendered":"https:\/\/jancray.de\/terms-and-conditions\/"},"modified":"2023-12-07T08:13:09","modified_gmt":"2023-12-07T07:13:09","slug":"terms-and-conditions","status":"publish","type":"page","link":"https:\/\/jancray.de\/en\/terms-and-conditions\/","title":{"rendered":"Terms and Conditions"},"content":{"rendered":"\t\t<div data-elementor-type=\"wp-page\" data-elementor-id=\"128963\" class=\"elementor elementor-128963 elementor-18\" data-elementor-post-type=\"page\">\n\t\t\t\t\t\t<section class=\"elementor-section elementor-top-section elementor-element elementor-element-2e721eb3 elementor-section-full_width elementor-section-height-default elementor-section-height-default\" data-id=\"2e721eb3\" data-element_type=\"section\">\n\t\t\t\t\t\t<div class=\"elementor-container elementor-column-gap-default\">\n\t\t\t\t\t<div class=\"elementor-column elementor-col-100 elementor-top-column elementor-element elementor-element-cf023bc\" data-id=\"cf023bc\" data-element_type=\"column\">\n\t\t\t<div class=\"elementor-widget-wrap elementor-element-populated\">\n\t\t\t\t\t\t<div class=\"elementor-element elementor-element-ddd5108 elementor-widget elementor-widget-heading\" data-id=\"ddd5108\" data-element_type=\"widget\" data-widget_type=\"heading.default\">\n\t\t\t\t<div class=\"elementor-widget-container\">\n\t\t\t\t\t<h2 class=\"elementor-heading-title elementor-size-default\">Allgemeine Gesch\u00e4ftsbedingungen (german)\n<\/h2>\t\t\t\t<\/div>\n\t\t\t\t<\/div>\n\t\t\t\t<div class=\"elementor-element elementor-element-bebf3fe elementor-widget-divider--view-line elementor-widget elementor-widget-divider\" data-id=\"bebf3fe\" data-element_type=\"widget\" data-widget_type=\"divider.default\">\n\t\t\t\t<div class=\"elementor-widget-container\">\n\t\t\t\t\t\t\t<div class=\"elementor-divider\">\n\t\t\t<span class=\"elementor-divider-separator\">\n\t\t\t\t\t\t<\/span>\n\t\t<\/div>\n\t\t\t\t\t\t<\/div>\n\t\t\t\t<\/div>\n\t\t\t\t<div class=\"elementor-element elementor-element-208aa89 elementor-widget elementor-widget-heading\" data-id=\"208aa89\" data-element_type=\"widget\" data-widget_type=\"heading.default\">\n\t\t\t\t<div class=\"elementor-widget-container\">\n\t\t\t\t\t<h4 class=\"elementor-heading-title elementor-size-default\">\u00a7 1 Geltungsbereich<\/h4>\t\t\t\t<\/div>\n\t\t\t\t<\/div>\n\t\t\t\t<div class=\"elementor-element elementor-element-4326b614 elementor-widget elementor-widget-text-editor\" data-id=\"4326b614\" data-element_type=\"widget\" data-widget_type=\"text-editor.default\">\n\t\t\t\t<div class=\"elementor-widget-container\">\n\t\t\t\t\t\t\t\t\t<p>(1) Dieser Allgemeinen Gesch\u00e4ftsbedingungen (nachfolgend \u201eAGB\u201c genannt) gelten f\u00fcr alle Vertr\u00e4ge, die die Cray Wohnen GmbH (nachfolgend \u201eCW\u201c genannt) mit Verbrauchern (nachfolgend \u201eKunde\u201c genannt) abschlie\u00dft.<\/p>\n<p>(2) Der Kunde ist Verbraucher, soweit der Zweck der bestellten Lieferungen und Leistungen nicht \u00fcberwiegend seiner gewerblichen oder selbstst\u00e4ndigen beruflichen T\u00e4tigkeit zugerechnet werden kann.<\/p>\n\t\t\t\t\t\t\t\t<\/div>\n\t\t\t\t<\/div>\n\t\t\t\t<div class=\"elementor-element elementor-element-c91c4d6 elementor-widget elementor-widget-heading\" data-id=\"c91c4d6\" data-element_type=\"widget\" data-widget_type=\"heading.default\">\n\t\t\t\t<div class=\"elementor-widget-container\">\n\t\t\t\t\t<h4 class=\"elementor-heading-title elementor-size-default\">\u00a7 2 Vertragsschluss<\/h4>\t\t\t\t<\/div>\n\t\t\t\t<\/div>\n\t\t\t\t<div class=\"elementor-element elementor-element-392fbfc elementor-widget elementor-widget-text-editor\" data-id=\"392fbfc\" data-element_type=\"widget\" data-widget_type=\"text-editor.default\">\n\t\t\t\t<div class=\"elementor-widget-container\">\n\t\t\t\t\t\t\t\t\t<p>(1) Die Angebote in unserem Online-Shop richten sich ausschlie\u00dflich an Personen, die das 18. Lebensjahr vollendet haben.<\/p>\n<p>(2) Die Pr\u00e4sentation von Waren in unserem Online-Shop stellt eine unverbindliche Aufforderung zur Bestellung der Waren \u00fcber unseren Online-Shop dar. Es handelt sich nicht um ein verbindliches Angebot von unserer Seite zum Abschluss eines Kaufvertrages. <\/p>\n<ul>\n<li>In dem Sie den Button \u201eZahlungspflichtig bestellen\u201c anklicken, geben Sie in Form der Bestellung ein verbindliches Angebot zum Abschluss eines Kaufvertrags \u00fcber die im Warenkorb angezeigten Waren ab. Vor der Bestellung k\u00f6nnen Sie den Inhalt des Warenkorbs nochmals \u00fcberpr\u00fcfen und die Bestellung korrigieren oder \u00e4ndern. <\/li>\n<li>Sobald Ihre Bestellung bei uns eingegangen ist, erhalten Sie \u00fcber eine automatisch erzeugte E-Mail eine entsprechende Eingangsbest\u00e4tigung von uns. Diese Eingangsbest\u00e4tigung stellt noch keine Annahme des mit der Bestellung gemachten Angebots zum Abschluss eines Kaufvertrags dar. Ein Vertrag mit uns kommt daher \u00fcber die Eingangsbest\u00e4tigung noch nicht zustande.  <\/li>\n<li>Im Einzelnen werden bei einer Bestellung in unserem Online-Shop die folgenden technischen Schritte durchlaufen:\n<ul>\n<li>Klick auf Schaltfl\u00e4che \u201eKasse\u201c bzw. \u201eWeiter zur Kasse\u201c erfolgt die Weiterleitung auf die allgemeine Bestellseite, auf der im Folgenden die einzelnen Kaufschritte durchlaufen werden;<\/li>\n<li><strong>Schritt 1 \u2013 Login<\/strong>: Es besteht die M\u00f6glichkeit, sich mit dem vorhandenen Nutzerkonto anzumelden. Die Fortf\u00fchrung der Bestellung ist auch ohne die Anmeldung m\u00f6glich. in diesem Fall sind die Kontaktdaten und die Rechnungsadresse einzutragen. Es besteht auch die M\u00f6glichkeit, ein Kundenkonto zu er\u00f6ffnen;   <\/li>\n<li><strong>Schritt 2 \u2013 Rechnung<\/strong>: Es k\u00f6nnen eine alternative Lieferadresse und Anmerkungen zur Bestellung eingetragen werden<\/li>\n<li><strong>Schritt 3 \u2013 Versand: <\/strong>Es kann die Zahlungsweise ausgew\u00e4hlt werden;<\/li>\n<li><strong>Schritt 4 &#8211; Zahlung:<\/strong> Auswahl der Versandart. M\u00f6glichkeit zur Eingabe eines Gutschein-Codes. Abschluss der Bestellung durch Klick auf den Button \u201eZahlungspflichtig bestellen\u201c.  <\/li>\n<\/ul>\n<\/li>\n<li>Zum Abschluss eines Kaufvertrages \u00fcber die bestellte Ware kommt es erst, wenn wir ausdr\u00fccklich die Annahme der Bestellung erkl\u00e4rt haben oder wenn wir die Ware an Sie versendet haben. Ihre Bestellung kann durch uns nur bis zu dem Zeitpunkt angenommen werden, in welchem Sie unter regelm\u00e4\u00dfigen Umst\u00e4nden den Eingang einer Antwort durch uns erwarten d\u00fcrfen. Sofern die Zahlung mit Vorkasse oder PayPal erfolgt, kommt der Kaufvertrag abweichend hiervon unmittelbar mit Ihrer Bestellung zustande.  <\/li>\n<li>\n<p>Sie haben bei Vertragsschluss die Gelegenheit, den Vertragstext einschlie\u00dflich dieser AGB zu speichern. Hierzu wird Ihnen der Vertragstext im Rahmen der Bestellbest\u00e4tigung als PDF zur Verf\u00fcgung gestellt. Nach Vertragsschluss ist der Vertragstext f\u00fcr Sie nicht mehr zug\u00e4nglich, wird aber durch uns gespeichert.  <\/p>\n<\/li>\n<\/ul>\n\t\t\t\t\t\t\t\t<\/div>\n\t\t\t\t<\/div>\n\t\t\t\t<div class=\"elementor-element elementor-element-23f8fd6 elementor-widget elementor-widget-heading\" data-id=\"23f8fd6\" data-element_type=\"widget\" data-widget_type=\"heading.default\">\n\t\t\t\t<div class=\"elementor-widget-container\">\n\t\t\t\t\t<h4 class=\"elementor-heading-title elementor-size-default\">\u00a7 3 Wiederrufsrecht<\/h4>\t\t\t\t<\/div>\n\t\t\t\t<\/div>\n\t\t\t\t<div class=\"elementor-element elementor-element-962b4b5 elementor-widget elementor-widget-text-editor\" data-id=\"962b4b5\" data-element_type=\"widget\" data-widget_type=\"text-editor.default\">\n\t\t\t\t<div class=\"elementor-widget-container\">\n\t\t\t\t\t\t\t\t\t<p>Wenn Sie den Vertrag zu Zwecken abschlie\u00dfen, die \u00fcberwiegend weder Ihrer gewerblichen noch ihrer selbstst\u00e4ndigen beruflichen T\u00e4tigkeit zugerechnet werden k\u00f6nnen und somit ein Verbraucher sind, steht Ihnen nach den Ma\u00dfgaben im Anhang ein gesetzliches Widerrufsrecht zu.<\/p>\n\t\t\t\t\t\t\t\t<\/div>\n\t\t\t\t<\/div>\n\t\t\t\t<div class=\"elementor-element elementor-element-5d54dda elementor-widget elementor-widget-heading\" data-id=\"5d54dda\" data-element_type=\"widget\" data-widget_type=\"heading.default\">\n\t\t\t\t<div class=\"elementor-widget-container\">\n\t\t\t\t\t<h4 class=\"elementor-heading-title elementor-size-default\">\u00a7 4 Lieferung und Lieferzeit<\/h4>\t\t\t\t<\/div>\n\t\t\t\t<\/div>\n\t\t\t\t<div class=\"elementor-element elementor-element-6e20337 elementor-widget elementor-widget-text-editor\" data-id=\"6e20337\" data-element_type=\"widget\" data-widget_type=\"text-editor.default\">\n\t\t\t\t<div class=\"elementor-widget-container\">\n\t\t\t\t\t\t\t\t\t<p>(1) Die CW ist in zumutbarem Umfang zu Teillieferungen berechtigt.<\/p>\n<p>(2) Sollte die CW einen vereinbarten Liefertermin nicht einhalten, so hat der Kunde der CW eine angemessene Nachfrist zu setzen, die in keinem Fall zwei Wochen unterschreiten darf.<\/p>\n<p>(3) Der Beginn der von der CW angegebenen Lieferzeit setzt die rechtzeitige und ordnungsgem\u00e4\u00dfe Erf\u00fcllung der Verpflichtungen des Kunden voraus.<\/p>\n\t\t\t\t\t\t\t\t<\/div>\n\t\t\t\t<\/div>\n\t\t\t\t<div class=\"elementor-element elementor-element-b461d1d elementor-widget elementor-widget-heading\" data-id=\"b461d1d\" data-element_type=\"widget\" data-widget_type=\"heading.default\">\n\t\t\t\t<div class=\"elementor-widget-container\">\n\t\t\t\t\t<h4 class=\"elementor-heading-title elementor-size-default\">\u00a7 5 Preise und Zahlung<\/h4>\t\t\t\t<\/div>\n\t\t\t\t<\/div>\n\t\t\t\t<div class=\"elementor-element elementor-element-006e696 elementor-widget elementor-widget-text-editor\" data-id=\"006e696\" data-element_type=\"widget\" data-widget_type=\"text-editor.default\">\n\t\t\t\t<div class=\"elementor-widget-container\">\n\t\t\t\t\t\t\t\t\t<p>(1) Alle Preise verstehen sich einschlie\u00dflich der jeweils g\u00fcltigen gesetzlichen Mehrwertsteuer zuz\u00fcglich Versandkosten.<\/p>\n<p>(2) F\u00fcr Kunden au\u00dferhalb der Europ\u00e4ischen Union k\u00f6nnen neben erh\u00f6hten Versandkosten, Zusatzkosten wie Verzollungsgeb\u00fchren, nationale Umsatzsteuern oder andere Abgaben entstehen. Diese Zusatzkosten und die jeweilige nationale Umsatzsteuer sind nach dem jeweiligen Landesrecht zu entrichten. Der Kunde hat sich \u00fcber die bestehenden Regelungen zu informieren.  <\/p>\n<p>(3) Bei Zahlungsverzug oder sonst offenbar werdender Kreditunw\u00fcrdigkeit werden alle weiteren Forderungen gegen den Kunden sofort f\u00e4llig.<\/p>\n<p>(4) Aufrechnungen und die Geltendmachung von Zur\u00fcckbehaltungsrechten sind nur zul\u00e4ssig, wenn die Gegenforderung des Kunden von der CW unbestritten oder schriftlich anerkannt oder gerichtlich rechtskr\u00e4ftig festgestellt ist.<\/p>\n\t\t\t\t\t\t\t\t<\/div>\n\t\t\t\t<\/div>\n\t\t\t\t<div class=\"elementor-element elementor-element-a031747 elementor-widget elementor-widget-heading\" data-id=\"a031747\" data-element_type=\"widget\" data-widget_type=\"heading.default\">\n\t\t\t\t<div class=\"elementor-widget-container\">\n\t\t\t\t\t<h4 class=\"elementor-heading-title elementor-size-default\">\u00a7 6 Eigentumsvorbehalt<\/h4>\t\t\t\t<\/div>\n\t\t\t\t<\/div>\n\t\t\t\t<div class=\"elementor-element elementor-element-da7a5b4 elementor-widget elementor-widget-text-editor\" data-id=\"da7a5b4\" data-element_type=\"widget\" data-widget_type=\"text-editor.default\">\n\t\t\t\t<div class=\"elementor-widget-container\">\n\t\t\t\t\t\t\t\t\t<p>(1) Bis zur vollst\u00e4ndigen Bezahlung verbleiben die gelieferten Waren im Eigentum der CW.<\/p>\n<p>(2) Zugriffe Dritter auf die Vorbehaltsware hat der Kunde der CW unverz\u00fcglich nach Bekanntwerden mitzuteilen. Der Kunde haftet f\u00fcr alle Kosten, die f\u00fcr die Aufhebung solcher Zugriffe anfallen, insbesondere durch Erhebung einer Drittwiderspruchsklage, soweit die Erstattung der Kosten nicht von dem betreffenden Dritten zu erlangen ist. <\/p>\n\t\t\t\t\t\t\t\t<\/div>\n\t\t\t\t<\/div>\n\t\t\t\t<div class=\"elementor-element elementor-element-7c7571c elementor-widget elementor-widget-heading\" data-id=\"7c7571c\" data-element_type=\"widget\" data-widget_type=\"heading.default\">\n\t\t\t\t<div class=\"elementor-widget-container\">\n\t\t\t\t\t<h4 class=\"elementor-heading-title elementor-size-default\">\u00a7 7 M\u00e4ngelrechte<\/h4>\t\t\t\t<\/div>\n\t\t\t\t<\/div>\n\t\t\t\t<div class=\"elementor-element elementor-element-dc2361c elementor-widget elementor-widget-text-editor\" data-id=\"dc2361c\" data-element_type=\"widget\" data-widget_type=\"text-editor.default\">\n\t\t\t\t<div class=\"elementor-widget-container\">\n\t\t\t\t\t\t\t\t\t<p>(1) Die CW haftet f\u00fcr Sachm\u00e4ngel nach den hierf\u00fcr geltenden gesetzlichen Vorschriften, insbesondere der \u00a7 434 ff. BGB.<\/p>\n<p>(2) Soweit die in den Prospekten, Anzeigen und sonstigen Angebotsunterlagen der CW enthaltenen Angaben nicht von CW ausdr\u00fccklich als verbindlich bezeichnet worden sind, sind die dort enthaltenen Abbildungen oder Zeichnungen nur ann\u00e4hernd ma\u00dfgebend.<\/p>\n<p>(3) Handels\u00fcbliche und f\u00fcr den Kunden zumutbare Farb- und Maserungsabweichungen, insbesondere Risse bei der Verwendung von Massivh\u00f6lzern bleiben vorbehalten.<\/p>\n\t\t\t\t\t\t\t\t<\/div>\n\t\t\t\t<\/div>\n\t\t\t\t<div class=\"elementor-element elementor-element-3013623 elementor-widget elementor-widget-heading\" data-id=\"3013623\" data-element_type=\"widget\" data-widget_type=\"heading.default\">\n\t\t\t\t<div class=\"elementor-widget-container\">\n\t\t\t\t\t<h4 class=\"elementor-heading-title elementor-size-default\">\u00a7 8 Haftung<\/h4>\t\t\t\t<\/div>\n\t\t\t\t<\/div>\n\t\t\t\t<div class=\"elementor-element elementor-element-2d047fa elementor-widget elementor-widget-text-editor\" data-id=\"2d047fa\" data-element_type=\"widget\" data-widget_type=\"text-editor.default\">\n\t\t\t\t<div class=\"elementor-widget-container\">\n\t\t\t\t\t\t\t\t\t<p>(1) Anspr\u00fcche des Kunden auf Schadensersatz sind ausgeschlossen. Hiervon ausgenommen sind Schadensersatzanspr\u00fcche des Kunden aus der Verletzung des Lebens, des K\u00f6rpers, der Gesundheit oder aus der Verletzung wesentlicher Vertragspflichten (Kardinal- pflichten) sowie die Haftung f\u00fcr sonstige Sch\u00e4den, die auf einer vors\u00e4tzlichen oder grob fahrl\u00e4ssigen Pflichtverletzung der CW, ihrer gesetzlichen Vertreter oder Erf\u00fcllungsgehilfen beruhen. Wesentliche Vertragspflichten sind solche, deren Erf\u00fcllung zur Erreichung des Ziels des Vertrags notwendig ist.  <\/p>\n<p>(2) Bei der Verletzung wesentlicher Vertragspflichten haftet die CW nur auf den vertragstypischen, vorhersehbaren Schaden, wenn dieser einfach fahrl\u00e4ssig verursacht wurde, es sei denn, es handelt sich um Schadensersatzanspr\u00fcche des Kunden aus einer Verletzung des Lebens, des K\u00f6rpers oder der Gesundheit.<\/p>\n<p>(3) Die Einschr\u00e4nkungen der Abs. 1 und 2 gelten auch zugunsten der gesetzlichen Vertreter und Erf\u00fcllungsgehilfen der CW, wenn Anspr\u00fcche direkt gegen diese geltend gemacht werden. <\/p>\n<p>(4) Die Vorschriften des Produkthaftungsgesetzes bleiben unber\u00fchrt.<\/p>\n\t\t\t\t\t\t\t\t<\/div>\n\t\t\t\t<\/div>\n\t\t\t\t<div class=\"elementor-element elementor-element-6993abd elementor-widget elementor-widget-heading\" data-id=\"6993abd\" data-element_type=\"widget\" data-widget_type=\"heading.default\">\n\t\t\t\t<div class=\"elementor-widget-container\">\n\t\t\t\t\t<h4 class=\"elementor-heading-title elementor-size-default\">\u00a7 9 Schlussbestimmungen<\/h4>\t\t\t\t<\/div>\n\t\t\t\t<\/div>\n\t\t\t\t<div class=\"elementor-element elementor-element-443958f elementor-widget elementor-widget-text-editor\" data-id=\"443958f\" data-element_type=\"widget\" data-widget_type=\"text-editor.default\">\n\t\t\t\t<div class=\"elementor-widget-container\">\n\t\t\t\t\t\t\t\t\t<p>(1) F\u00fcr diese AGB und die gesamten Rechtsbeziehungen zwischen der CW und dem Kunden gilt das Recht der Bundesrepublik Deutschland.<\/p>\n<p>(2) Sollten einzelne Bestimmungen dieses Vertrages unwirksam oder undurchf\u00fchrbar sein, soll die Wirksamkeit der \u00fcbrigen Bestimmungen dadurch nicht ber\u00fchrt werden<\/p>\n\t\t\t\t\t\t\t\t<\/div>\n\t\t\t\t<\/div>\n\t\t\t\t<div class=\"elementor-element elementor-element-6acd4f6 elementor-widget elementor-widget-heading\" data-id=\"6acd4f6\" data-element_type=\"widget\" data-widget_type=\"heading.default\">\n\t\t\t\t<div class=\"elementor-widget-container\">\n\t\t\t\t\t<h4 class=\"elementor-heading-title elementor-size-default\">\u00a7 10 Erf\u00fcllungsort, Gerichtsstand, Anwendbares Recht<\/h4>\t\t\t\t<\/div>\n\t\t\t\t<\/div>\n\t\t\t\t<div class=\"elementor-element elementor-element-bd5682b elementor-widget elementor-widget-text-editor\" data-id=\"bd5682b\" data-element_type=\"widget\" data-widget_type=\"text-editor.default\">\n\t\t\t\t<div class=\"elementor-widget-container\">\n\t\t\t\t\t\t\t\t\t<p>(1) Erf\u00fcllungsort f\u00fcr alle Lieferungen ist das Werk oder Lager, von dem die CW die Lieferung vornimmt.<\/p>\n<p>(2) Es gilt das Recht der Bundesrepublik Deutschland unter Ausschluss des UN-Kaufrechts (CISG). Von dieser Rechtswahl bleiben zwingende verbrauchersch\u00fctzende Bestimmungen des Landes, in dem Sie Ihren gew\u00f6hnlichen Aufenthalt haben, unber\u00fchrt. <\/p>\n\t\t\t\t\t\t\t\t<\/div>\n\t\t\t\t<\/div>\n\t\t\t\t<div class=\"elementor-element elementor-element-a99be6e elementor-widget elementor-widget-heading\" data-id=\"a99be6e\" data-element_type=\"widget\" data-widget_type=\"heading.default\">\n\t\t\t\t<div class=\"elementor-widget-container\">\n\t\t\t\t\t<h4 class=\"elementor-heading-title elementor-size-default\">\u00a7 11 Alternative Streitbeilegung<\/h4>\t\t\t\t<\/div>\n\t\t\t\t<\/div>\n\t\t\t\t<div class=\"elementor-element elementor-element-0a583da elementor-widget elementor-widget-text-editor\" data-id=\"0a583da\" data-element_type=\"widget\" data-widget_type=\"text-editor.default\">\n\t\t\t\t<div class=\"elementor-widget-container\">\n\t\t\t\t\t\t\t\t\t<p>(1) Die Europ\u00e4ische Kommission stellt eine Online-Plattform zur au\u00dfergerichtlichen Streitbeilegung bereit. Die Streitbeilegungs-Plattform erreichen Sie unter dem folgenden Link: <a href=\"https:\/\/ec.europa.eu\/consumers\/odr\">https:\/\/ec.europa.eu\/consumers\/odr<\/a> <\/p>\n<p>(2) Im Fall einer Meinungsverschiedenheit wegen unseres Vertrages bem\u00fchen wir uns, diese mit Ihnen einvernehmlich beizulegen. Wir sind dar\u00fcber hinaus nicht zu einer Teilnahme an einem Streitschlichtungsverfahren verpflichtet und nehmen nicht an einem Streitbeilegungsverfahren vor einer Verbraucherschlichtungsstelle teil. <\/p>\n\t\t\t\t\t\t\t\t<\/div>\n\t\t\t\t<\/div>\n\t\t\t\t<div class=\"elementor-element elementor-element-1c19e74 elementor-widget elementor-widget-heading\" data-id=\"1c19e74\" data-element_type=\"widget\" data-widget_type=\"heading.default\">\n\t\t\t\t<div class=\"elementor-widget-container\">\n\t\t\t\t\t<h4 class=\"elementor-heading-title elementor-size-default\">\u00a7 12 Salvatorische Klausel<\/h4>\t\t\t\t<\/div>\n\t\t\t\t<\/div>\n\t\t\t\t<div class=\"elementor-element elementor-element-b7f3b33 elementor-widget elementor-widget-text-editor\" data-id=\"b7f3b33\" data-element_type=\"widget\" data-widget_type=\"text-editor.default\">\n\t\t\t\t<div class=\"elementor-widget-container\">\n\t\t\t\t\t\t\t\t\t<p>(1) Sollte einer der obenstehenden oder nachfolgenden Klauseln rechtsunwirksam sein oder werden, so soll die G\u00fcltigkeit der \u00fcbrigen Bestimmungen unangetastet bleiben.<\/p>\n<p>(2) Die Vertragsparteien verpflichten sich, unwirksame Bestimmungen durch eine Bestimmung zu ersetzen, die dem wirtschaftlich gewollten am N\u00e4chsten kommt.<\/p>\n\t\t\t\t\t\t\t\t<\/div>\n\t\t\t\t<\/div>\n\t\t\t\t<div class=\"elementor-element elementor-element-b4e4822 elementor-widget-divider--view-line elementor-widget elementor-widget-divider\" data-id=\"b4e4822\" data-element_type=\"widget\" data-widget_type=\"divider.default\">\n\t\t\t\t<div class=\"elementor-widget-container\">\n\t\t\t\t\t\t\t<div class=\"elementor-divider\">\n\t\t\t<span class=\"elementor-divider-separator\">\n\t\t\t\t\t\t<\/span>\n\t\t<\/div>\n\t\t\t\t\t\t<\/div>\n\t\t\t\t<\/div>\n\t\t\t\t<div class=\"elementor-element elementor-element-bc29467 elementor-widget elementor-widget-heading\" data-id=\"bc29467\" data-element_type=\"widget\" data-widget_type=\"heading.default\">\n\t\t\t\t<div class=\"elementor-widget-container\">\n\t\t\t\t\t<h1 class=\"elementor-heading-title elementor-size-default\">Widerrufsbelehrung<\/h1>\t\t\t\t<\/div>\n\t\t\t\t<\/div>\n\t\t\t\t<div class=\"elementor-element elementor-element-812bd1c elementor-widget elementor-widget-heading\" data-id=\"812bd1c\" data-element_type=\"widget\" data-widget_type=\"heading.default\">\n\t\t\t\t<div class=\"elementor-widget-container\">\n\t\t\t\t\t<h4 class=\"elementor-heading-title elementor-size-default\">Widerrufsrecht<\/h4>\t\t\t\t<\/div>\n\t\t\t\t<\/div>\n\t\t\t\t<div class=\"elementor-element elementor-element-7aa6b6d elementor-widget elementor-widget-text-editor\" data-id=\"7aa6b6d\" data-element_type=\"widget\" data-widget_type=\"text-editor.default\">\n\t\t\t\t<div class=\"elementor-widget-container\">\n\t\t\t\t\t\t\t\t\t<p>Sie haben das Recht, binnen vierzehn Tagen ohne Angabe von Gr\u00fcnden diesen Vertrag zu widerrufen. Die Widerrufsfrist betr\u00e4gt vierzehn Tage ab dem Tag, an dem Sie oder ein von Ihnen benannter Dritter, der nicht der Bef\u00f6rderer ist, die letzte Ware in Besitz genommen haben bzw. hat. <\/p>\n<p>Um Ihr Widerrufsrecht auszu\u00fcben, m\u00fcssen Sie uns (Cray Wohnen GmbH, Bei den Linden 16, 21447 Radbruch, Tel.: 040\/60 78 52 80; E-Mail: info@jancray.de) mittels einer eindeutigen Erkl\u00e4rung (z.B. ein mit der Post versandter Brief oder E-Mail) \u00fcber Ihren Entschluss, diesen Vertrag zu widerrufen, informieren.<\/p>\n<p>Zur Wahrung der Widerrufsfrist reicht es aus, dass Sie die Mitteilung \u00fcber die Aus\u00fcbung des Widerrufsrechts vor Ablauf der Widerrufsfrist absenden.<\/p><\/p>\n\t\t\t\t\t\t\t\t<\/div>\n\t\t\t\t<\/div>\n\t\t\t\t<div class=\"elementor-element elementor-element-05045a9 elementor-widget elementor-widget-heading\" data-id=\"05045a9\" data-element_type=\"widget\" data-widget_type=\"heading.default\">\n\t\t\t\t<div class=\"elementor-widget-container\">\n\t\t\t\t\t<h4 class=\"elementor-heading-title elementor-size-default\">Folgen des Widerrufs<\/h4>\t\t\t\t<\/div>\n\t\t\t\t<\/div>\n\t\t\t\t<div class=\"elementor-element elementor-element-19a1375 elementor-widget elementor-widget-text-editor\" data-id=\"19a1375\" data-element_type=\"widget\" data-widget_type=\"text-editor.default\">\n\t\t\t\t<div class=\"elementor-widget-container\">\n\t\t\t\t\t\t\t\t\t<p>Wenn Sie diesen Vertrag widerrufen, haben wir Ihnen alle Zahlungen, die wir von Ihnen erhalten haben, einschlie\u00dflich der Lieferkosten (mit Ausnahme der zus\u00e4tzlichen Kosten, die sich daraus ergeben, dass Sie eine andere Art der Lieferung als die von uns angebotene, g\u00fcnstigste Standardlieferung gew\u00e4hlt haben), unverz\u00fcglich und sp\u00e4testens binnen vierzehn Tagen ab dem Tag zur\u00fcckzuzahlen, an dem die Mitteilung \u00fcber Ihren Widerruf dieses Vertrags bei uns eingegangen ist. F\u00fcr diese R\u00fcckzahlung verwenden wir dasselbe Zahlungsmittel, das Sie bei der urspr\u00fcnglichen Transaktion eingesetzt haben, es sei denn, mit Ihnen wurde ausdr\u00fccklich etwas anderes vereinbart; in keinem Fall werden Ihnen wegen dieser R\u00fcckzahlung Entgelte berechnet. <\/p>\n<p>Wir k\u00f6nnen die R\u00fcckzahlung verweigern, bis wir die Waren wieder zur\u00fcckerhalten haben oder bis Sie den Nachweis erbracht haben, dass Sie die Waren zur\u00fcckgesandt haben, je nachdem, welches der fr\u00fchere Zeitpunkt ist.<\/p>\n<p>Sie haben die Waren unverz\u00fcglich und in jedem Fall sp\u00e4testens binnen vierzehn Tagen ab dem Tag, an dem Sie uns \u00fcber den Widerruf dieses Vertrags unterrichten, an und (Cray Wohnen GmbH, Bei den Linden 16, 21447 Radbruch) zur\u00fcckzusenden oder zu \u00fcbergeben. Die Frist ist gewahrt, wenn Sie die Waren vor Ablauf der Frist von vierzehn Tagen absenden. <\/p>\n<p>Sie tragen die unmittelbaren Kosten der R\u00fccksendung der Waren (R\u00fccksendekosten). Die R\u00fccksendekosten f\u00fcr Waren, die nicht auf dem normalen Postweg zur\u00fcckgesendet werden k\u00f6nnen (z.B. Speditionsware, Sperrg\u00fcter), tragen Sie maximal in H\u00f6he von 12% des Warenwertes. Die R\u00fccksendekosten f\u00fcr Waren, die auf dem normalen Postweg (z.B. als Paketversand) zur\u00fcckgesendet werden k\u00f6nnen, tragen Sie voll.  <\/p>\n<p>Sie m\u00fcssen f\u00fcr einen etwaigen Wertverlust der Waren nur aufkommen, wenn dieser Wertverlust auf einen zur Pr\u00fcfung der Beschaffenheit, Eigenschaften und Funktionsweise der Waren nicht notwendigen Umgang mit ihnen zur\u00fcckzuf\u00fchren ist.<\/p>\n<p>Kunden werden gebeten Besch\u00e4digungen oder Verunreinigungen der Ware zu vermeiden. Die Ware sollte nach M\u00f6glichkeit in Originalverpackung mit s\u00e4mtlichem Zubeh\u00f6r an den Verk\u00e4ufer zur\u00fcckgesendet werden. Ist die Originalverpackung nicht mehr im Besitz des K\u00e4ufers, sollte eine andere geeignete Verpackung verwendet werden, um f\u00fcr einen ausreichenden Schutz vor Transportsch\u00e4den zu sorgen und etwaige Schadensersatzanspr\u00fcche wegen Besch\u00e4digungen infolge mangelhafter Verpackung zu vermeiden.  <\/p>\n\t\t\t\t\t\t\t\t<\/div>\n\t\t\t\t<\/div>\n\t\t\t\t<div class=\"elementor-element elementor-element-efd33da elementor-widget elementor-widget-heading\" data-id=\"efd33da\" data-element_type=\"widget\" data-widget_type=\"heading.default\">\n\t\t\t\t<div class=\"elementor-widget-container\">\n\t\t\t\t\t<h4 class=\"elementor-heading-title elementor-size-default\">Ausschluss des Widerrufsrechts<\/h4>\t\t\t\t<\/div>\n\t\t\t\t<\/div>\n\t\t\t\t<div class=\"elementor-element elementor-element-847afc5 elementor-widget elementor-widget-text-editor\" data-id=\"847afc5\" data-element_type=\"widget\" data-widget_type=\"text-editor.default\">\n\t\t\t\t<div class=\"elementor-widget-container\">\n\t\t\t\t\t\t\t\t\t<p>Das Widerrufsrecht besteht nur in den gesetzlich geregelten F\u00e4llen (\u00a7 312g Abs. 2 S.1 BGB); insbesondere also nicht bei Vertr\u00e4gen zur Lieferung von Waren, die nach Kundenspezifikation angefertigt werden oder eindeutig auf die pers\u00f6nlichen Bed\u00fcrfnisse zugeschnitten sind (\u00a7 312g Abs. 2 S.1 Nr. 1 BGB).    <\/p><\/p>\n\t\t\t\t\t\t\t\t<\/div>\n\t\t\t\t<\/div>\n\t\t\t\t<div class=\"elementor-element elementor-element-bf83ccc elementor-widget elementor-widget-heading\" data-id=\"bf83ccc\" data-element_type=\"widget\" data-widget_type=\"heading.default\">\n\t\t\t\t<div class=\"elementor-widget-container\">\n\t\t\t\t\t<h4 class=\"elementor-heading-title elementor-size-default\">Muster Widerrufsformular<\/h4>\t\t\t\t<\/div>\n\t\t\t\t<\/div>\n\t\t\t\t<div class=\"elementor-element elementor-element-af4797c elementor-widget elementor-widget-text-editor\" data-id=\"af4797c\" data-element_type=\"widget\" data-widget_type=\"text-editor.default\">\n\t\t\t\t<div class=\"elementor-widget-container\">\n\t\t\t\t\t\t\t\t\t<p>(Wenn Sie den Vertrag widerrufen wollen, dann f\u00fcllen Sie bitte dieses Formular aus und senden Sie es zur\u00fcck.)<\/p>\n<p>&#8211; An Cray Wohnen GmbH, Bei den Linden 16, 21447 Radbruch, E-Mail: info@jancray.de:<\/p>\n<\/p>\n<p>&#8211; Hiermit widerrufe(n) ich\/wir (*) den von mir\/uns (*) abgeschlossenen Vertrag \u00fcber den Kauf der folgenden Waren (*)\/die Erbringung der folgenden Dienstleistung (*)<\/p>\n<\/p>\n<p>&#8211; Bestellt am (*)\/erhalten am (*)<\/p>\n<\/p>\n<p>&#8211; Name des\/der Verbraucher(s)<\/p>\n<\/p>\n<p>&#8211; Anschrift des\/der Verbraucher(s)<\/p>\n<\/p>\n<p>&#8211; Unterschrift des\/der Verbraucher(s) (nur bei Mitteilung auf Papier)<\/p>\n<\/p>\n<p>&#8211; Datum<\/p>\n<\/p>\n<p>___<\/p>\n<p>(*) Unzutreffendes streichen.<\/p>\n\t\t\t\t\t\t\t\t<\/div>\n\t\t\t\t<\/div>\n\t\t\t\t\t<\/div>\n\t\t<\/div>\n\t\t\t\t\t<\/div>\n\t\t<\/section>\n\t\t\t\t<\/div>\n\t\t","protected":false},"excerpt":{"rendered":"<p>Allgemeine Gesch\u00e4ftsbedingungen (german) \u00a7 1 Geltungsbereich (1) Dieser Allgemeinen Gesch\u00e4ftsbedingungen (nachfolgend \u201eAGB\u201c genannt) gelten f\u00fcr alle Vertr\u00e4ge, die die Cray Wohnen GmbH (nachfolgend \u201eCW\u201c genannt) mit Verbrauchern (nachfolgend \u201eKunde\u201c genannt) abschlie\u00dft. (2) Der Kunde ist Verbraucher, soweit der Zweck der bestellten Lieferungen und Leistungen nicht \u00fcberwiegend seiner gewerblichen oder selbstst\u00e4ndigen beruflichen T\u00e4tigkeit zugerechnet werden kann. [&hellip;]<\/p>\n","protected":false},"author":2,"featured_media":0,"parent":0,"menu_order":0,"comment_status":"closed","ping_status":"closed","template":"","meta":{"_acf_changed":false,"footnotes":""},"class_list":["post-128963","page","type-page","status-publish","hentry"],"acf":[],"yoast_head":"<!-- This site is optimized with the Yoast SEO plugin v26.8 - https:\/\/yoast.com\/product\/yoast-seo-wordpress\/ -->\n<title>Terms and Conditions &#8212; JAN CRAY M\u00f6bel &amp; K\u00fcchen<\/title>\n<meta name=\"robots\" content=\"index, follow, max-snippet:-1, max-image-preview:large, max-video-preview:-1\" \/>\n<link rel=\"canonical\" href=\"https:\/\/jancray.de\/en\/terms-and-conditions\/\" \/>\n<meta property=\"og:locale\" content=\"en_US\" \/>\n<meta property=\"og:type\" content=\"article\" \/>\n<meta property=\"og:title\" content=\"Terms and Conditions &#8212; JAN CRAY M\u00f6bel &amp; K\u00fcchen\" \/>\n<meta property=\"og:description\" content=\"Allgemeine Gesch\u00e4ftsbedingungen (german) \u00a7 1 Geltungsbereich (1) Dieser Allgemeinen Gesch\u00e4ftsbedingungen (nachfolgend \u201eAGB\u201c genannt) gelten f\u00fcr alle Vertr\u00e4ge, die die Cray Wohnen GmbH (nachfolgend \u201eCW\u201c genannt) mit Verbrauchern (nachfolgend \u201eKunde\u201c genannt) abschlie\u00dft. (2) Der Kunde ist Verbraucher, soweit der Zweck der bestellten Lieferungen und Leistungen nicht \u00fcberwiegend seiner gewerblichen oder selbstst\u00e4ndigen beruflichen T\u00e4tigkeit zugerechnet werden kann. [&hellip;]\" \/>\n<meta property=\"og:url\" content=\"https:\/\/jancray.de\/en\/terms-and-conditions\/\" \/>\n<meta property=\"og:site_name\" content=\"JAN CRAY M\u00f6bel &amp; K\u00fcchen\" \/>\n<meta property=\"article:publisher\" content=\"https:\/\/www.facebook.com\/jancraymoebel\/\" \/>\n<meta property=\"article:modified_time\" content=\"2023-12-07T07:13:09+00:00\" \/>\n<meta property=\"og:image\" content=\"https:\/\/jancray.de\/wp-content\/uploads\/2021\/04\/Jan-Cray-6Grad-Outdoor-Eiche-4-300dpi-scaled-1.jpg\" \/>\n\t<meta property=\"og:image:width\" content=\"2560\" \/>\n\t<meta property=\"og:image:height\" content=\"1711\" \/>\n\t<meta property=\"og:image:type\" content=\"image\/jpeg\" \/>\n<meta name=\"twitter:card\" content=\"summary_large_image\" \/>\n<meta name=\"twitter:label1\" content=\"Est. reading time\" \/>\n\t<meta name=\"twitter:data1\" content=\"8 minutes\" \/>\n<script type=\"application\/ld+json\" class=\"yoast-schema-graph\">{\"@context\":\"https:\/\/schema.org\",\"@graph\":[{\"@type\":\"WebPage\",\"@id\":\"https:\/\/jancray.de\/en\/terms-and-conditions\/\",\"url\":\"https:\/\/jancray.de\/en\/terms-and-conditions\/\",\"name\":\"Terms and Conditions &#8212; JAN CRAY M\u00f6bel &amp; K\u00fcchen\",\"isPartOf\":{\"@id\":\"https:\/\/jancray.de\/en\/#website\"},\"datePublished\":\"2023-12-01T14:17:01+00:00\",\"dateModified\":\"2023-12-07T07:13:09+00:00\",\"breadcrumb\":{\"@id\":\"https:\/\/jancray.de\/en\/terms-and-conditions\/#breadcrumb\"},\"inLanguage\":\"en-US\",\"potentialAction\":[{\"@type\":\"ReadAction\",\"target\":[\"https:\/\/jancray.de\/en\/terms-and-conditions\/\"]}]},{\"@type\":\"BreadcrumbList\",\"@id\":\"https:\/\/jancray.de\/en\/terms-and-conditions\/#breadcrumb\",\"itemListElement\":[{\"@type\":\"ListItem\",\"position\":1,\"name\":\"Home\",\"item\":\"https:\/\/jancray.de\/en\/\"},{\"@type\":\"ListItem\",\"position\":2,\"name\":\"Terms and Conditions\"}]},{\"@type\":\"WebSite\",\"@id\":\"https:\/\/jancray.de\/en\/#website\",\"url\":\"https:\/\/jancray.de\/en\/\",\"name\":\"JAN CRAY M\u00f6bel &amp; K\u00fcchen\",\"description\":\"M\u00f6bel und K\u00fcchen aus Hamburg\",\"publisher\":{\"@id\":\"https:\/\/jancray.de\/en\/#organization\"},\"potentialAction\":[{\"@type\":\"SearchAction\",\"target\":{\"@type\":\"EntryPoint\",\"urlTemplate\":\"https:\/\/jancray.de\/en\/?s={search_term_string}\"},\"query-input\":{\"@type\":\"PropertyValueSpecification\",\"valueRequired\":true,\"valueName\":\"search_term_string\"}}],\"inLanguage\":\"en-US\"},{\"@type\":\"Organization\",\"@id\":\"https:\/\/jancray.de\/en\/#organization\",\"name\":\"Jan Cray M\u00f6bel & K\u00fcchen\",\"url\":\"https:\/\/jancray.de\/en\/\",\"logo\":{\"@type\":\"ImageObject\",\"inLanguage\":\"en-US\",\"@id\":\"https:\/\/jancray.de\/en\/#\/schema\/logo\/image\/\",\"url\":\"https:\/\/jancray.de\/wp-content\/uploads\/2021\/04\/Jan-Cray-Logo.svg\",\"contentUrl\":\"https:\/\/jancray.de\/wp-content\/uploads\/2021\/04\/Jan-Cray-Logo.svg\",\"width\":100,\"height\":100,\"caption\":\"Jan Cray M\u00f6bel & K\u00fcchen\"},\"image\":{\"@id\":\"https:\/\/jancray.de\/en\/#\/schema\/logo\/image\/\"},\"sameAs\":[\"https:\/\/www.facebook.com\/jancraymoebel\/\",\"https:\/\/www.instagram.com\/jan_cray_moebel_kuechen\/\",\"https:\/\/www.youtube.com\/channel\/UC07FA0pwFOL-FiUU-apB1zw\"]}]}<\/script>\n<!-- \/ Yoast SEO plugin. -->","yoast_head_json":{"title":"Terms and Conditions &#8212; JAN CRAY M\u00f6bel &amp; K\u00fcchen","robots":{"index":"index","follow":"follow","max-snippet":"max-snippet:-1","max-image-preview":"max-image-preview:large","max-video-preview":"max-video-preview:-1"},"canonical":"https:\/\/jancray.de\/en\/terms-and-conditions\/","og_locale":"en_US","og_type":"article","og_title":"Terms and Conditions &#8212; JAN CRAY M\u00f6bel &amp; K\u00fcchen","og_description":"Allgemeine Gesch\u00e4ftsbedingungen (german) \u00a7 1 Geltungsbereich (1) Dieser Allgemeinen Gesch\u00e4ftsbedingungen (nachfolgend \u201eAGB\u201c genannt) gelten f\u00fcr alle Vertr\u00e4ge, die die Cray Wohnen GmbH (nachfolgend \u201eCW\u201c genannt) mit Verbrauchern (nachfolgend \u201eKunde\u201c genannt) abschlie\u00dft. (2) Der Kunde ist Verbraucher, soweit der Zweck der bestellten Lieferungen und Leistungen nicht \u00fcberwiegend seiner gewerblichen oder selbstst\u00e4ndigen beruflichen T\u00e4tigkeit zugerechnet werden kann. [&hellip;]","og_url":"https:\/\/jancray.de\/en\/terms-and-conditions\/","og_site_name":"JAN CRAY M\u00f6bel &amp; K\u00fcchen","article_publisher":"https:\/\/www.facebook.com\/jancraymoebel\/","article_modified_time":"2023-12-07T07:13:09+00:00","og_image":[{"width":2560,"height":1711,"url":"https:\/\/jancray.de\/wp-content\/uploads\/2021\/04\/Jan-Cray-6Grad-Outdoor-Eiche-4-300dpi-scaled-1.jpg","type":"image\/jpeg"}],"twitter_card":"summary_large_image","twitter_misc":{"Est. reading time":"8 minutes"},"schema":{"@context":"https:\/\/schema.org","@graph":[{"@type":"WebPage","@id":"https:\/\/jancray.de\/en\/terms-and-conditions\/","url":"https:\/\/jancray.de\/en\/terms-and-conditions\/","name":"Terms and Conditions &#8212; JAN CRAY M\u00f6bel &amp; K\u00fcchen","isPartOf":{"@id":"https:\/\/jancray.de\/en\/#website"},"datePublished":"2023-12-01T14:17:01+00:00","dateModified":"2023-12-07T07:13:09+00:00","breadcrumb":{"@id":"https:\/\/jancray.de\/en\/terms-and-conditions\/#breadcrumb"},"inLanguage":"en-US","potentialAction":[{"@type":"ReadAction","target":["https:\/\/jancray.de\/en\/terms-and-conditions\/"]}]},{"@type":"BreadcrumbList","@id":"https:\/\/jancray.de\/en\/terms-and-conditions\/#breadcrumb","itemListElement":[{"@type":"ListItem","position":1,"name":"Home","item":"https:\/\/jancray.de\/en\/"},{"@type":"ListItem","position":2,"name":"Terms and Conditions"}]},{"@type":"WebSite","@id":"https:\/\/jancray.de\/en\/#website","url":"https:\/\/jancray.de\/en\/","name":"JAN CRAY M\u00f6bel &amp; K\u00fcchen","description":"M\u00f6bel und K\u00fcchen aus Hamburg","publisher":{"@id":"https:\/\/jancray.de\/en\/#organization"},"potentialAction":[{"@type":"SearchAction","target":{"@type":"EntryPoint","urlTemplate":"https:\/\/jancray.de\/en\/?s={search_term_string}"},"query-input":{"@type":"PropertyValueSpecification","valueRequired":true,"valueName":"search_term_string"}}],"inLanguage":"en-US"},{"@type":"Organization","@id":"https:\/\/jancray.de\/en\/#organization","name":"Jan Cray M\u00f6bel & K\u00fcchen","url":"https:\/\/jancray.de\/en\/","logo":{"@type":"ImageObject","inLanguage":"en-US","@id":"https:\/\/jancray.de\/en\/#\/schema\/logo\/image\/","url":"https:\/\/jancray.de\/wp-content\/uploads\/2021\/04\/Jan-Cray-Logo.svg","contentUrl":"https:\/\/jancray.de\/wp-content\/uploads\/2021\/04\/Jan-Cray-Logo.svg","width":100,"height":100,"caption":"Jan Cray M\u00f6bel & K\u00fcchen"},"image":{"@id":"https:\/\/jancray.de\/en\/#\/schema\/logo\/image\/"},"sameAs":["https:\/\/www.facebook.com\/jancraymoebel\/","https:\/\/www.instagram.com\/jan_cray_moebel_kuechen\/","https:\/\/www.youtube.com\/channel\/UC07FA0pwFOL-FiUU-apB1zw"]}]}},"_links":{"self":[{"href":"https:\/\/jancray.de\/en\/wp-json\/wp\/v2\/pages\/128963","targetHints":{"allow":["GET"]}}],"collection":[{"href":"https:\/\/jancray.de\/en\/wp-json\/wp\/v2\/pages"}],"about":[{"href":"https:\/\/jancray.de\/en\/wp-json\/wp\/v2\/types\/page"}],"author":[{"embeddable":true,"href":"https:\/\/jancray.de\/en\/wp-json\/wp\/v2\/users\/2"}],"replies":[{"embeddable":true,"href":"https:\/\/jancray.de\/en\/wp-json\/wp\/v2\/comments?post=128963"}],"version-history":[{"count":0,"href":"https:\/\/jancray.de\/en\/wp-json\/wp\/v2\/pages\/128963\/revisions"}],"wp:attachment":[{"href":"https:\/\/jancray.de\/en\/wp-json\/wp\/v2\/media?parent=128963"}],"curies":[{"name":"wp","href":"https:\/\/api.w.org\/{rel}","templated":true}]}}